{"id":2678,"date":"2018-10-24T10:40:31","date_gmt":"2018-10-24T08:40:31","guid":{"rendered":"http:\/\/abacacorporate.com\/?page_id=2678"},"modified":"2023-10-13T09:20:19","modified_gmt":"2023-10-13T07:20:19","slug":"agence-de-photographie-corporate-color","status":"publish","type":"page","link":"https:\/\/abacapress.com\/corporate\/","title":{"rendered":"Agence de photographie corporate"},"content":{"rendered":"<div class=\"wpb-content-wrapper\"><p>[vc_row simple_background_color=\u00a0\u00bbrgba(0,0,0,0.59)\u00a0\u00bb el_class=\u00a0\u00bbcitation-bloc\u00a0\u00bb][vc_column css=\u00a0\u00bb.vc_custom_1571062626301{padding-top: 10px !important;}\u00a0\u00bb][vc_column_text el_class=\u00a0\u00bbtxt-phrase-intro\u00a0\u00bb css=\u00a0\u00bb.vc_custom_1571062617041{padding-top: 0px !important;padding-bottom: 20px !important;}\u00a0\u00bb]<\/p>\n<p style=\"text-align: center;\"><img loading=\"lazy\" decoding=\"async\" class=\"\" src=\"https:\/\/abacapress.com\/corporate\/wp-content\/uploads\/2018\/12\/guillemets-gauche.png\" alt=\"\" width=\"26\" height=\"20\" \/> Un regard de professionnels au service de votre image <img loading=\"lazy\" decoding=\"async\" class=\"alignnone size-full wp-image-2196\" src=\"https:\/\/abacapress.com\/corporate\/wp-content\/uploads\/2018\/12\/guillemets-droits.png\" alt=\"\" width=\"26\" height=\"20\" \/><\/p>\n<p>[\/vc_column_text][\/vc_column][\/vc_row][vc_row][vc_column]<div class=\"edgtf-ils-holder \">\n\t\t\t<div class=\"edgtf-ils-image-holder\" >\n\t\t\t\t\t\t\t\t\t\t\t\t\t\t\t\t\t<div class=\"edgtf-ils-item-image edgtf-active\" style=\"background-image: url(https:\/\/abacapress.com\/corporate\/wp-content\/uploads\/2017\/06\/portrait-abaca-corporate-1.jpg)\">\n\t\t\t\t\t\t<img loading=\"lazy\" decoding=\"async\" width=\"1920\" height=\"1100\" src=\"https:\/\/abacapress.com\/corporate\/wp-content\/uploads\/2017\/06\/portrait-abaca-corporate-1.jpg\" class=\"attachment-full size-full\" alt=\"Agence portrait d&#039;entreprise\" srcset=\"https:\/\/abacapress.com\/corporate\/wp-content\/uploads\/2017\/06\/portrait-abaca-corporate-1.jpg 1920w, https:\/\/abacapress.com\/corporate\/wp-content\/uploads\/2017\/06\/portrait-abaca-corporate-1-300x172.jpg 300w, https:\/\/abacapress.com\/corporate\/wp-content\/uploads\/2017\/06\/portrait-abaca-corporate-1-768x440.jpg 768w, https:\/\/abacapress.com\/corporate\/wp-content\/uploads\/2017\/06\/portrait-abaca-corporate-1-1024x587.jpg 1024w, https:\/\/abacapress.com\/corporate\/wp-content\/uploads\/2017\/06\/portrait-abaca-corporate-1-600x344.jpg 600w\" sizes=\"auto, (max-width: 1920px) 100vw, 1920px\" \/>\t\t\t\t\t<\/div>\n\t\t\t\t\t\t\t\t\t\t\t\t\t\t\t\t\t\t\t\t\t\t\t\t\t<div class=\"edgtf-ils-item-image \" style=\"background-image: url(https:\/\/abacapress.com\/corporate\/wp-content\/uploads\/2018\/10\/reportage-abaca-corporate-14.jpg)\">\n\t\t\t\t\t\t<img loading=\"lazy\" decoding=\"async\" width=\"1920\" height=\"1100\" src=\"https:\/\/abacapress.com\/corporate\/wp-content\/uploads\/2018\/10\/reportage-abaca-corporate-14.jpg\" class=\"attachment-full size-full\" alt=\"Reportage photo corporate NUXE\" srcset=\"https:\/\/abacapress.com\/corporate\/wp-content\/uploads\/2018\/10\/reportage-abaca-corporate-14.jpg 1920w, https:\/\/abacapress.com\/corporate\/wp-content\/uploads\/2018\/10\/reportage-abaca-corporate-14-300x172.jpg 300w, https:\/\/abacapress.com\/corporate\/wp-content\/uploads\/2018\/10\/reportage-abaca-corporate-14-768x440.jpg 768w, https:\/\/abacapress.com\/corporate\/wp-content\/uploads\/2018\/10\/reportage-abaca-corporate-14-1024x587.jpg 1024w, https:\/\/abacapress.com\/corporate\/wp-content\/uploads\/2018\/10\/reportage-abaca-corporate-14-600x344.jpg 600w\" sizes=\"auto, (max-width: 1920px) 100vw, 1920px\" \/>\t\t\t\t\t<\/div>\n\t\t\t\t\t\t\t\t\t\t\t\t\t\t\t\t\t\t\t\t\t\t\t\t\t<div class=\"edgtf-ils-item-image \" style=\"background-image: url(https:\/\/abacapress.com\/corporate\/wp-content\/uploads\/2019\/01\/Evenementiel04.jpg)\">\n\t\t\t\t\t\t<img loading=\"lazy\" decoding=\"async\" width=\"1920\" height=\"1100\" src=\"https:\/\/abacapress.com\/corporate\/wp-content\/uploads\/2019\/01\/Evenementiel04.jpg\" class=\"attachment-full size-full\" alt=\"Reportage photo chez EDF\" srcset=\"https:\/\/abacapress.com\/corporate\/wp-content\/uploads\/2019\/01\/Evenementiel04.jpg 1920w, https:\/\/abacapress.com\/corporate\/wp-content\/uploads\/2019\/01\/Evenementiel04-300x172.jpg 300w, https:\/\/abacapress.com\/corporate\/wp-content\/uploads\/2019\/01\/Evenementiel04-768x440.jpg 768w, https:\/\/abacapress.com\/corporate\/wp-content\/uploads\/2019\/01\/Evenementiel04-1024x587.jpg 1024w\" sizes=\"auto, (max-width: 1920px) 100vw, 1920px\" \/>\t\t\t\t\t<\/div>\n\t\t\t\t\t\t\t\t\t\t\t\t\t\t\t\t\t\t\t\t\t\t\t\t\t<div class=\"edgtf-ils-item-image \" style=\"background-image: url(https:\/\/abacapress.com\/corporate\/wp-content\/uploads\/2018\/10\/img-architecture-5.jpg)\">\n\t\t\t\t\t\t<img loading=\"lazy\" decoding=\"async\" width=\"1920\" height=\"1100\" src=\"https:\/\/abacapress.com\/corporate\/wp-content\/uploads\/2018\/10\/img-architecture-5.jpg\" class=\"attachment-full size-full\" alt=\"Photographie architecture et int\u00e9rieure\" srcset=\"https:\/\/abacapress.com\/corporate\/wp-content\/uploads\/2018\/10\/img-architecture-5.jpg 1920w, https:\/\/abacapress.com\/corporate\/wp-content\/uploads\/2018\/10\/img-architecture-5-300x172.jpg 300w, https:\/\/abacapress.com\/corporate\/wp-content\/uploads\/2018\/10\/img-architecture-5-768x440.jpg 768w, https:\/\/abacapress.com\/corporate\/wp-content\/uploads\/2018\/10\/img-architecture-5-1024x587.jpg 1024w, https:\/\/abacapress.com\/corporate\/wp-content\/uploads\/2018\/10\/img-architecture-5-600x344.jpg 600w\" sizes=\"auto, (max-width: 1920px) 100vw, 1920px\" \/>\t\t\t\t\t<\/div>\n\t\t\t\t\t\t\t\t\t\t\t\t\t\t\t\t\t\t\t\t\t\t\t\t\t<div class=\"edgtf-ils-item-image \" style=\"background-image: url(https:\/\/abacapress.com\/corporate\/wp-content\/uploads\/2018\/11\/photo-culinaire-assiette.jpg)\">\n\t\t\t\t\t\t<img loading=\"lazy\" decoding=\"async\" width=\"1920\" height=\"1100\" src=\"https:\/\/abacapress.com\/corporate\/wp-content\/uploads\/2018\/11\/photo-culinaire-assiette.jpg\" class=\"attachment-full size-full\" alt=\"agence de photographie d&#039;entreprise\" srcset=\"https:\/\/abacapress.com\/corporate\/wp-content\/uploads\/2018\/11\/photo-culinaire-assiette.jpg 1920w, https:\/\/abacapress.com\/corporate\/wp-content\/uploads\/2018\/11\/photo-culinaire-assiette-300x172.jpg 300w, https:\/\/abacapress.com\/corporate\/wp-content\/uploads\/2018\/11\/photo-culinaire-assiette-768x440.jpg 768w, https:\/\/abacapress.com\/corporate\/wp-content\/uploads\/2018\/11\/photo-culinaire-assiette-1024x587.jpg 1024w\" sizes=\"auto, (max-width: 1920px) 100vw, 1920px\" \/>\t\t\t\t\t<\/div>\n\t\t\t\t\t\t\t\t\t\t\t\t\t\t\t\t\t\t\t\t\t\t\t\t\t<div class=\"edgtf-ils-item-image \" style=\"background-image: url(https:\/\/abacapress.com\/corporate\/wp-content\/uploads\/2018\/10\/ArchitectureNew07.jpg)\">\n\t\t\t\t\t\t<img loading=\"lazy\" decoding=\"async\" width=\"1700\" height=\"1134\" src=\"https:\/\/abacapress.com\/corporate\/wp-content\/uploads\/2018\/10\/ArchitectureNew07.jpg\" class=\"attachment-full size-full\" alt=\"Agence de photographie d&#039;h\u00f4tels\" srcset=\"https:\/\/abacapress.com\/corporate\/wp-content\/uploads\/2018\/10\/ArchitectureNew07.jpg 1700w, https:\/\/abacapress.com\/corporate\/wp-content\/uploads\/2018\/10\/ArchitectureNew07-300x200.jpg 300w, https:\/\/abacapress.com\/corporate\/wp-content\/uploads\/2018\/10\/ArchitectureNew07-768x512.jpg 768w, https:\/\/abacapress.com\/corporate\/wp-content\/uploads\/2018\/10\/ArchitectureNew07-1024x683.jpg 1024w\" sizes=\"auto, (max-width: 1700px) 100vw, 1700px\" \/>\t\t\t\t\t<\/div>\n\t\t\t\t\t\t\t\t\t\t\t\t\t<\/div>\n\t\t<div class=\"edgtf-ils-content-holder\">\n\t\t\t<div class=\"edgtf-ils-content-inner\">\n\t\t\t\t<div class=\"edgtf-ils-item-content\">\n\t\t\t\t\t\t\t\t\t\t\t\t\t\t\t\t\t\t<a itemprop=\"url\" class=\"edgtf-ils-item-link edgtf-active\" href=\"https:\/\/abacapress.com\/corporate\/portfolio-item\/portraits-dentreprise\/\" target=\"_self\">\n\t\t\t\t\t\t\t\t<span class=\"edgtf-ils-item-title\">Portrait<\/span>\n\t\t\t\t\t\t\t<\/a>\n\t\t\t\t\t\t\t\t\t\t\t\t\t\t\t\t\t\t\t\t\t\t\t\t\t\t\t\t\t\t<a itemprop=\"url\" class=\"edgtf-ils-item-link \" href=\"https:\/\/abacapress.com\/corporate\/portfolio-item\/reportage-lifestyle\/\" target=\"_self\">\n\t\t\t\t\t\t\t\t<span class=\"edgtf-ils-item-title\">Reportage<\/span>\n\t\t\t\t\t\t\t<\/a>\n\t\t\t\t\t\t\t\t\t\t\t\t\t\t\t\t\t\t\t\t\t\t\t\t\t\t\t\t\t\t<a itemprop=\"url\" class=\"edgtf-ils-item-link \" href=\"https:\/\/abacapress.com\/corporate\/portfolio-item\/photographie-et-video-evenementielle\/\" target=\"_self\">\n\t\t\t\t\t\t\t\t<span class=\"edgtf-ils-item-title\">\u00c9v\u00e9nementiel<\/span>\n\t\t\t\t\t\t\t<\/a>\n\t\t\t\t\t\t\t\t\t\t\t\t\t\t\t\t\t\t\t\t\t\t\t\t\t\t\t\t\t\t<a itemprop=\"url\" class=\"edgtf-ils-item-link \" href=\"https:\/\/abacapress.com\/corporate\/portfolio-item\/photographie-hoteliere-et-decoration\/\" target=\"_self\">\n\t\t\t\t\t\t\t\t<span class=\"edgtf-ils-item-title\">H\u00f4tellerie<\/span>\n\t\t\t\t\t\t\t<\/a>\n\t\t\t\t\t\t\t\t\t\t\t\t\t\t\t\t\t\t\t\t\t\t\t\t\t\t\t\t\t\t<a itemprop=\"url\" class=\"edgtf-ils-item-link \" href=\"https:\/\/abacapress.com\/corporate\/portfolio-item\/photographie-culinaire\/\" target=\"_self\">\n\t\t\t\t\t\t\t\t<span class=\"edgtf-ils-item-title\">Culinaire<\/span>\n\t\t\t\t\t\t\t<\/a>\n\t\t\t\t\t\t\t\t\t\t\t\t\t\t\t\t\t\t\t\t\t\t\t\t\t\t\t\t\t\t<a itemprop=\"url\" class=\"edgtf-ils-item-link \" href=\"https:\/\/abacapress.com\/corporate\/portfolio-item\/photographie-architecture-et-interieure\/\" target=\"_self\">\n\t\t\t\t\t\t\t\t<span class=\"edgtf-ils-item-title\">Architecture<\/span>\n\t\t\t\t\t\t\t<\/a>\n\t\t\t\t\t\t\t\t\t\t\t\t\t\t\t\t\t\t\t\t\t<\/div>\n\t\t\t<\/div>\n\t\t<\/div>\n\t\t<span class=\"edgtf-ils-footer-text\">\n\t\tCopyright \u00a9 Abaca Corporate 2023\t<\/span>\n<\/div>[\/vc_column][\/vc_row][vc_row row_content_width=\u00a0\u00bbgrid\u00a0\u00bb css=\u00a0\u00bb.vc_custom_1544717041966{padding-top: 120px !important;padding-bottom: 60px !important;}\u00a0\u00bb][vc_column width=\u00a0\u00bb1\/2&Prime; css=\u00a0\u00bb.vc_custom_1539704336525{padding-right: 30px !important;}\u00a0\u00bb][vc_single_image image=\u00a0\u00bb3439&Prime; img_size=\u00a0\u00bb500&#215;850&Prime; alignment=\u00a0\u00bbcenter\u00a0\u00bb][vc_empty_space height=\u00a0\u00bb40&Prime;]<div class=\"edgtf-accordion-holder edgtf-ac-default  edgtf-toggle  clearfix\">\n\t<h4 class=\"edgtf-accordion-title\">\n\t<span class=\"edgtf-tab-title\">Des experts de la photo d&#039;entreprise<\/span>\n\t<span class=\"edgtf-accordion-mark\">\n\t\t<span class=\"edgtf_icon_plus ion-ios-plus-empty\"><\/span>\n\t\t<span class=\"edgtf_icon_minus ion-ios-minus-empty\"><\/span>\n\t<\/span>\n<\/h4>\n<div class=\"edgtf-accordion-content\">\n\t<div class=\"edgtf-accordion-content-inner\">\n\t\t[vc_column_text]<\/p>\n<p style=\"text-align: justify;\">Que vous souhaitiez des <strong>portraits de votre entreprise<\/strong> pour le trombinoscope de vos collaborateurs, <strong>couvrir la prochaine assembl\u00e9e g\u00e9n\u00e9rale<\/strong> en photo ou vid\u00e9o, l\u2019<strong>inauguration d\u2019un nouveau lieu<\/strong> ou <strong>mettre en sc\u00e8ne vos locaux<\/strong> par l\u2019image, leur architecture, leur d\u00e9coration, notre agence de production de photos d\u2019entreprise vous proposera toutes les solutions adapt\u00e9es \u00e0 la r\u00e9ussite de votre projet.<\/p>\n<p>[\/vc_column_text]\t<\/div>\n<\/div><h4 class=\"edgtf-accordion-title\">\n\t<span class=\"edgtf-tab-title\">Une \u00e9quipe d\u00e9di\u00e9e \u00e0 votre service<\/span>\n\t<span class=\"edgtf-accordion-mark\">\n\t\t<span class=\"edgtf_icon_plus ion-ios-plus-empty\"><\/span>\n\t\t<span class=\"edgtf_icon_minus ion-ios-minus-empty\"><\/span>\n\t<\/span>\n<\/h4>\n<div class=\"edgtf-accordion-content\">\n\t<div class=\"edgtf-accordion-content-inner\">\n\t\t[vc_column_text]<\/p>\n<p style=\"text-align: justify;\">Sur chacun de vos projets, nous mettons tout en \u0153uvre afin d\u2019apporter une <strong>solution unique, d\u00e9di\u00e9e \u00e0 vos besoins<\/strong>. <strong>Expertise, r\u00e9activit\u00e9, mobilisation de nos professionnels<\/strong> \u00e0 travers notre r\u00e9seau, au plus pr\u00e8s de votre activit\u00e9, c\u2019est tout<strong> Abaca Corporate<\/strong> qui travaille pour une r\u00e9ussite totale de votre projet.<\/p>\n<p style=\"text-align: justify;\"><strong>De l\u2019organisation \u00e0 la r\u00e9alisation de tous vos projets photo et vid\u00e9o<\/strong>, nous nous engageons \u00e0 vous <strong>conseiller<\/strong> et \u00e0 vous <strong>accompagner<\/strong>. Vous exprimez vos besoins, nous les r\u00e9alisons. Nos chefs de projets mettent en \u0153uvre tous les moyens n\u00e9cessaires pour aboutir au meilleur r\u00e9sultat. D\u00e9finition du brief, organisation logistique, s\u00e9lection et mobilisation des moyens humains et techniques, stylisme\u2026 <strong>Abaca Corporate<\/strong> vous propose tout son savoir-faire et son exp\u00e9rience.<\/p>\n<p>[\/vc_column_text]\t<\/div>\n<\/div><h4 class=\"edgtf-accordion-title\">\n\t<span class=\"edgtf-tab-title\">R\u00e9activit\u00e9 et qualit\u00e9 assur\u00e9e<\/span>\n\t<span class=\"edgtf-accordion-mark\">\n\t\t<span class=\"edgtf_icon_plus ion-ios-plus-empty\"><\/span>\n\t\t<span class=\"edgtf_icon_minus ion-ios-minus-empty\"><\/span>\n\t<\/span>\n<\/h4>\n<div class=\"edgtf-accordion-content\">\n\t<div class=\"edgtf-accordion-content-inner\">\n\t\t[vc_column_text]<\/p>\n<p style=\"text-align: justify;\">Gr\u00e2ce \u00e0 notre <strong>r\u00e9seau de photographes<\/strong> nous pouvons vous proposer <strong>r\u00e9activit\u00e9 et souplesse<\/strong>. <strong>En<\/strong> <strong>5 jours nous nous engageons \u00e0 vous fournir les images hautes d\u00e9finition<\/strong> que vous aurez s\u00e9lectionn\u00e9 suite \u00e0 la s\u00e9ance de travail, avec un photographe proche de votre environnement et disponible rapidement.<\/p>\n<p style=\"text-align: justify;\">Depuis de nombreuses ann\u00e9es, un grand nombre d&rsquo;entreprises nous ont fait confiance pour la r\u00e9alisation de leurs <strong>photos corporate ou de leurs reportages d\u2019entreprise<\/strong>.<\/p>\n<p style=\"text-align: justify;\">Vous aussi d\u00e9couvrez nos savoir-faire et faites confiance \u00e0 <strong>Abaca Corporate<\/strong> pour l\u2019image de votre entreprise.<\/p>\n<p>[\/vc_column_text]\t<\/div>\n<\/div><h4 class=\"edgtf-accordion-title\">\n\t<span class=\"edgtf-tab-title\">Un interlocuteur unique<\/span>\n\t<span class=\"edgtf-accordion-mark\">\n\t\t<span class=\"edgtf_icon_plus ion-ios-plus-empty\"><\/span>\n\t\t<span class=\"edgtf_icon_minus ion-ios-minus-empty\"><\/span>\n\t<\/span>\n<\/h4>\n<div class=\"edgtf-accordion-content\">\n\t<div class=\"edgtf-accordion-content-inner\">\n\t\t[vc_column_text]<\/p>\n<p style=\"text-align: justify;\">Pour tous nos clients, nous mettons \u00e0 votre disposition un <strong>interlocuteur unique<\/strong>. Un chef de projet, v\u00e9ritable chef d\u2019orchestre, sera d\u00e9di\u00e9\u00a0 pour trouver la solution la plus adapt\u00e9e \u00e0 vos besoins afin de r\u00e9aliser vos images d\u2019entreprises.<\/p>\n<p style=\"text-align: justify;\">De l\u2019organisation \u00e0 l\u2019encadrement des prises de vues, nous g\u00e9rons ensuite la production des images corporate.<\/p>\n<p style=\"text-align: justify;\">Le processus global est pris en charge, <strong>nous recueillons vos besoins et les traduisons ensuite<\/strong>, en nous adaptant \u00e0 vos contraintes et \u00e0 vos imp\u00e9ratifs. <strong>Du d\u00e9veloppement, \u00e0 la retouche et au montage vid\u00e9o, nous prenons en charge votre projet jusqu\u2019au rendu<\/strong>.<\/p>\n<p>[\/vc_column_text]\t<\/div>\n<\/div><\/div>[\/vc_column][vc_column width=\u00a0\u00bb1\/2&Prime; css=\u00a0\u00bb.vc_custom_1544716961019{padding-top: 100px !important;}\u00a0\u00bb]<div class=\"edgtf-elements-holder   edgtf-one-column  edgtf-responsive-mode-768 \" ><div class=\"edgtf-eh-item    \"  data-item-class=\"edgtf-eh-custom-2715\" data-768-1024=\"22px 0 22px 0\" data-680-768=\"22px 0 22px 0\" data-680=\"22px 0 22px 0\">\n\t<div class=\"edgtf-eh-item-inner\">\n\t\t<div class=\"edgtf-eh-item-content edgtf-eh-custom-2715\" style=\"padding: 0 0 22px 0\">\n\t\t\t[vc_column_text]<\/p>\n<h2>Le picture marketing<\/h2>\n<p>[\/vc_column_text][vc_empty_space height=\u00a0\u00bb15px\u00a0\u00bb][vc_column_text]<\/p>\n<p style=\"text-align: justify;\">Face \u00e0 l\u2019apparition du <strong>Picture Marketing<\/strong>, face \u00e0 l\u2019importance croissante et la n\u00e9cessit\u00e9, de <strong>photos et vid\u00e9os de haute qualit\u00e9<\/strong>, nous avons f\u00e9d\u00e9r\u00e9 un <strong>r\u00e9seau de professionnels de l\u2019image<\/strong> pour vous proposer des services \u00e0 la mesure de votre entreprise.<\/p>\n<p style=\"text-align: justify;\">Le regard affut\u00e9 de nos photographes, de nos r\u00e9alisateurs, sous la direction de nos chefs de projets, <strong>valorisera et renforcera l\u2019identit\u00e9 de votre entreprise, de votre marque<\/strong>.<\/p>\n<p>[\/vc_column_text][vc_empty_space height=\u00a0\u00bb15px\u00a0\u00bb]\t\t<\/div>\n\t<\/div>\n<\/div><\/div>[vc_column_text]<\/p>\n<h2>Nos m\u00e9tiers<\/h2>\n<p>[\/vc_column_text][vc_empty_space height=\u00a0\u00bb15px\u00a0\u00bb][vc_column_text]<\/p>\n<p style=\"text-align: justify;\">Chez <strong>Abaca Corporate<\/strong> nous vous proposons de <strong>r\u00e9aliser des photographies et vid\u00e9os professionnelles<\/strong> dans des domaines diff\u00e9rents et avec des techniques vari\u00e9es :<\/p>\n<p>[\/vc_column_text][vc_empty_space height=\u00a0\u00bb20&Prime;][vc_column_text el_class=\u00a0\u00bblist-credits\u00a0\u00bb]<\/p>\n<ul>\n<li><a href=\"https:\/\/abacapress.com\/corporate\/portfolio-item\/photographie-architecture-et-interieure\/\">Photographie d\u2019architecture et int\u00e9rieur<\/a><\/li>\n<li><a href=\"https:\/\/abacapress.com\/corporate\/portfolio-item\/photographie-hotelliere-et-decoration\/\">Photographie d&rsquo;h\u00f4tellerie<\/a><\/li>\n<li><a href=\"https:\/\/abacapress.com\/corporate\/portfolio-item\/photographie-culinaire\/\">Photographie culinaire<\/a><\/li>\n<li><a href=\"https:\/\/abacapress.com\/corporate\/portfolio-item\/portraits-dentreprise\/\">Portraits d\u2019entreprise<\/a><\/li>\n<li><a href=\"https:\/\/abacapress.com\/corporate\/portfolio-item\/reportage\/\">Reportages photos et vid\u00e9os d\u2019entreprise<\/a><\/li>\n<li><a href=\"https:\/\/abacapress.com\/corporate\/portfolio-item\/photographie-et-video-evenementielle\/\">Reportage photos et vid\u00e9os \u00e9v\u00e9nementiels<\/a><\/li>\n<\/ul>\n<p>[\/vc_column_text][vc_column_text]<\/p>\n<p style=\"text-align: justify;\">Avec toutes nos expertises, c\u2019est un <strong>nouveau champ d\u2019images de hautes qualit\u00e9s<\/strong> qui s\u2019ouvre pour votre entreprise.<\/p>\n<p>[\/vc_column_text][\/vc_column][\/vc_row][vc_row content_placement=\u00a0\u00bbmiddle\u00a0\u00bb content_text_aligment=\u00a0\u00bbcenter\u00a0\u00bb css=\u00a0\u00bb.vc_custom_1539704981621{padding-bottom: 120px !important;}\u00a0\u00bb][vc_column]<a itemprop=\"url\" href=\"\/corporate\/nos-references\/\" target=\"_self\" style=\"color: #e52e36;border-color: #e52e36;text-transform: uppercase\" class=\"edgtf-btn edgtf-btn-small edgtf-btn-outline edgtf-btn-custom-hover-bg edgtf-btn-custom-border-hover edgtf-btn-custom-hover-color\" data-hover-color=\"#ffffff\" data-hover-bg-color=\"#e52e36\" data-hover-border-color=\"#e52e36\" >\n    <span class=\"edgtf-btn-text\">Voir nos r\u00e9f\u00e9rences<\/span>\n    <\/a>[\/vc_column][\/vc_row][vc_row equal_height=\u00a0\u00bbyes\u00a0\u00bb content_placement=\u00a0\u00bbtop\u00a0\u00bb css=\u00a0\u00bb.vc_custom_1623500559777{margin-right: 20px !important;margin-left: 20px !important;padding-top: 0px !important;padding-bottom: 130px !important;}\u00a0\u00bb][vc_column offset=\u00a0\u00bbvc_col-lg-6 vc_col-md-12 vc_col-xs-12&Prime; css=\u00a0\u00bb.vc_custom_1540892789636{padding-top: 40px !important;}\u00a0\u00bb]<div class=\"edgtf-elements-holder   edgtf-one-column  edgtf-responsive-mode-768 \" ><div class=\"edgtf-eh-item    \"  data-item-class=\"edgtf-eh-custom-7631\" data-680=\"0 0 0 0\">\n\t<div class=\"edgtf-eh-item-inner\">\n\t\t<div class=\"edgtf-eh-item-content edgtf-eh-custom-7631\" style=\"padding: 0px 180px 0px 0px\">\n\t\t\t[vc_column_text]<\/p>\n<h2>Votre projet sur-mesure<\/h2>\n<p>[\/vc_column_text][vc_empty_space height=\u00a0\u00bb10px\u00a0\u00bb][vc_column_text el_class=\u00a0\u00bbtxt-justify\u00a0\u00bb]Notre \u00e9quipe est \u00e0 votre disposition pour vous accompagner et vous proposer des devis adapt\u00e9s \u00e0 vos projets.<\/p>\n<p>N&rsquo;h\u00e9sitez pas \u00e0 nous contacter pour plus d&rsquo;informations ou \u00e0 remplir le formulaire ci-contre.[\/vc_column_text][vc_empty_space height=\u00a0\u00bb20px\u00a0\u00bb][vc_column_text][\/vc_column_text][vc_empty_space height=\u00a0\u00bb50px\u00a0\u00bb]\t\t<\/div>\n\t<\/div>\n<\/div><\/div>[\/vc_column][vc_column offset=\u00a0\u00bbvc_col-lg-6 vc_col-md-12&Prime; css=\u00a0\u00bb.vc_custom_1540892891522{padding-top: 30px !important;}\u00a0\u00bb]\n<div class=\"wpcf7 no-js\" id=\"wpcf7-f2771-o1\" lang=\"en-US\" dir=\"ltr\" data-wpcf7-id=\"2771\">\n<div class=\"screen-reader-response\"><p role=\"status\" aria-live=\"polite\" aria-atomic=\"true\"><\/p> <ul><\/ul><\/div>\n<form action=\"\/corporate\/wp-json\/wp\/v2\/pages\/2678#wpcf7-f2771-o1\" method=\"post\" class=\"wpcf7-form init cf7_custom_style_1\" aria-label=\"Contact form\" novalidate=\"novalidate\" data-status=\"init\">\n<fieldset class=\"hidden-fields-container\"><input type=\"hidden\" name=\"_wpcf7\" value=\"2771\" \/><input type=\"hidden\" name=\"_wpcf7_version\" value=\"6.1.1\" \/><input type=\"hidden\" name=\"_wpcf7_locale\" value=\"en_US\" \/><input type=\"hidden\" name=\"_wpcf7_unit_tag\" value=\"wpcf7-f2771-o1\" \/><input type=\"hidden\" name=\"_wpcf7_container_post\" value=\"0\" \/><input type=\"hidden\" name=\"_wpcf7_posted_data_hash\" value=\"\" \/><input type=\"hidden\" name=\"_wpcf7_recaptcha_response\" value=\"\" \/>\n<\/fieldset>\n<p><span class=\"wpcf7-form-control-wrap\" data-name=\"your-name\"><input size=\"40\" maxlength=\"400\" class=\"wpcf7-form-control wpcf7-text wpcf7-validates-as-required\" aria-required=\"true\" aria-invalid=\"false\" placeholder=\"Nom*\" value=\"\" type=\"text\" name=\"your-name\" \/><\/span><br \/>\n<span class=\"wpcf7-form-control-wrap\" data-name=\"your-email\"><input size=\"40\" maxlength=\"400\" class=\"wpcf7-form-control wpcf7-email wpcf7-validates-as-required wpcf7-text wpcf7-validates-as-email\" aria-required=\"true\" aria-invalid=\"false\" placeholder=\"Email*\" value=\"\" type=\"email\" name=\"your-email\" \/><\/span><br \/>\n<span class=\"wpcf7-form-control-wrap\" data-name=\"tel-599\"><input size=\"40\" maxlength=\"400\" class=\"wpcf7-form-control wpcf7-tel wpcf7-validates-as-required wpcf7-text wpcf7-validates-as-tel\" aria-required=\"true\" aria-invalid=\"false\" placeholder=\"T\u00e9l\u00e9phone*\" value=\"\" type=\"tel\" name=\"tel-599\" \/><\/span>\n<\/p>\n<h4 style=\"color:#e52e36;\">Vous souhaitez faire de la :\n<\/h4>\n<p><span class=\"wpcf7-form-control-wrap\" data-name=\"checkbox-142\"><span class=\"wpcf7-form-control wpcf7-checkbox\"><span class=\"wpcf7-list-item first\"><input type=\"checkbox\" name=\"checkbox-142[]\" value=\"Photo\" \/><span class=\"wpcf7-list-item-label\">Photo<\/span><\/span><span class=\"wpcf7-list-item last\"><input type=\"checkbox\" name=\"checkbox-142[]\" value=\"Vid\u00e9o\" \/><span class=\"wpcf7-list-item-label\">Vid\u00e9o<\/span><\/span><\/span><\/span><br \/>\n<span class=\"wpcf7-form-control-wrap\" data-name=\"your-message\"><textarea cols=\"40\" rows=\"10\" maxlength=\"2000\" class=\"wpcf7-form-control wpcf7-textarea\" aria-invalid=\"false\" placeholder=\"Message*\" name=\"your-message\"><\/textarea><\/span>\n<\/p>\n<p><span class=\"wpcf7-form-control-wrap\" data-name=\"RGPD\"><span class=\"wpcf7-form-control wpcf7-checkbox wpcf7-validates-as-required\"><span class=\"wpcf7-list-item first last\"><input type=\"checkbox\" name=\"RGPD[]\" value=\"J&#039;ai lu et accepte la politique de confidentialit\u00e9 du site\" \/><span class=\"wpcf7-list-item-label\">J&#039;ai lu et accepte la politique de confidentialit\u00e9 du site<\/span><\/span><\/span><\/span>\n<\/p>\n<div class=\"ss-rgpd\" style=\"color:#black\">\n\t<p>En savoir plus sur notre <a href=\"https:\/\/abacapress.com\/corporate\/politique-de-confidentialite\/\">politique de confidentialit\u00e9<\/a>.\n\t<\/p>\n<\/div>\n\n<p><input class=\"wpcf7-form-control wpcf7-submit has-spinner\" id=\"btn-contact\" type=\"submit\" value=\"Envoyer\" \/>\n<\/p><div class=\"wpcf7-response-output\" aria-hidden=\"true\"><\/div>\n<\/form>\n<\/div>\n[\/vc_column][\/vc_row]<\/p>\n<\/div>","protected":false},"excerpt":{"rendered":"<p>[vc_row simple_background_color=\u00a0\u00bbrgba(0,0,0,0.59)\u00a0\u00bb el_class=\u00a0\u00bbcitation-bloc\u00a0\u00bb][vc_column css=\u00a0\u00bb.vc_custom_1571062626301{padding-top: 10px !important;}\u00a0\u00bb][vc_column_text el_class=\u00a0\u00bbtxt-phrase-intro\u00a0\u00bb css=\u00a0\u00bb.vc_custom_1571062617041{padding-top: 0px !important;padding-bottom: 20px !important;}\u00a0\u00bb] Un regard de professionnels au service de votre image [\/vc_column_text][\/vc_column][\/vc_row][vc_row][vc_column][\/vc_column][\/vc_row][vc_row row_content_width=\u00a0\u00bbgrid\u00a0\u00bb css=\u00a0\u00bb.vc_custom_1544717041966{padding-top: 120px !important;padding-bottom: 60px !important;}\u00a0\u00bb][vc_column width=\u00a0\u00bb1\/2&Prime; css=\u00a0\u00bb.vc_custom_1539704336525{padding-right: 30px !important;}\u00a0\u00bb][vc_single_image image=\u00a0\u00bb3439&Prime; img_size=\u00a0\u00bb500&#215;850&Prime; alignment=\u00a0\u00bbcenter\u00a0\u00bb][vc_empty_space height=\u00a0\u00bb40&Prime;][\/vc_column][vc_column width=\u00a0\u00bb1\/2&Prime; css=\u00a0\u00bb.vc_custom_1544716961019{padding-top: 100px !important;}\u00a0\u00bb][vc_column_text] [&hellip;]<\/p>\n","protected":false},"author":4,"featured_media":0,"parent":0,"menu_order":0,"comment_status":"closed","ping_status":"closed","template":"full-width.php","meta":{"footnotes":""},"class_list":["post-2678","page","type-page","status-publish","hentry"],"_links":{"self":[{"href":"https:\/\/abacapress.com\/corporate\/wp-json\/wp\/v2\/pages\/2678","targetHints":{"allow":["GET"]}}],"collection":[{"href":"https:\/\/abacapress.com\/corporate\/wp-json\/wp\/v2\/pages"}],"about":[{"href":"https:\/\/abacapress.com\/corporate\/wp-json\/wp\/v2\/types\/page"}],"author":[{"embeddable":true,"href":"https:\/\/abacapress.com\/corporate\/wp-json\/wp\/v2\/users\/4"}],"replies":[{"embeddable":true,"href":"https:\/\/abacapress.com\/corporate\/wp-json\/wp\/v2\/comments?post=2678"}],"version-history":[{"count":0,"href":"https:\/\/abacapress.com\/corporate\/wp-json\/wp\/v2\/pages\/2678\/revisions"}],"wp:attachment":[{"href":"https:\/\/abacapress.com\/corporate\/wp-json\/wp\/v2\/media?parent=2678"}],"curies":[{"name":"wp","href":"https:\/\/api.w.org\/{rel}","templated":true}]}}