{"id":2830,"date":"2018-11-08T16:27:53","date_gmt":"2018-11-08T15:27:53","guid":{"rendered":"http:\/\/abacacorporate.com\/?page_id=2830"},"modified":"2019-04-29T10:50:16","modified_gmt":"2019-04-29T08:50:16","slug":"nos-photographes","status":"publish","type":"page","link":"https:\/\/abacapress.com\/corporate\/nos-photographes\/","title":{"rendered":"Nos photographes"},"content":{"rendered":"<div class=\"wpb-content-wrapper\"><p>[vc_row css=\u00a0\u00bb.vc_custom_1539682190116{padding-bottom: 80px !important;}\u00a0\u00bb][vc_column][vc_column_text]<\/p>\n<blockquote><p>La puissance d&rsquo;un r\u00e9seau unique de professionnels passionn\u00e9s par l&rsquo;image<\/p><\/blockquote>\n<p>[\/vc_column_text][\/vc_column][\/vc_row][vc_row full_width=\u00a0\u00bbstretch_row\u00a0\u00bb css=\u00a0\u00bb.vc_custom_1541692740805{padding-top: 100px !important;padding-bottom: 100px !important;background-color: #f8f8f9 !important;}\u00a0\u00bb][vc_column width=\u00a0\u00bb1\/2&Prime; offset=\u00a0\u00bbvc_hidden-xs\u00a0\u00bb][vc_empty_space height=\u00a0\u00bb120px\u00a0\u00bb][vc_single_image image=\u00a0\u00bb3631&Prime; img_size=\u00a0\u00bbfull\u00a0\u00bb][\/vc_column][vc_column width=\u00a0\u00bb1\/2&Prime;][vc_column_text]<\/p>\n<h2 style=\"text-align: left;\">Un r\u00e9seau France et monde<\/h2>\n<p>[\/vc_column_text][vc_separator color=\u00a0\u00bbcustom\u00a0\u00bb align=\u00a0\u00bbalign_left\u00a0\u00bb border_width=\u00a0\u00bb2&Prime; el_width=\u00a0\u00bb10&Prime; accent_color=\u00a0\u00bb#e52e36&Prime; css=\u00a0\u00bb.vc_custom_1539770298158{padding-top: 20px !important;padding-bottom: 40px !important;}\u00a0\u00bb][vc_column_text el_class=\u00a0\u00bbtxt-justify\u00a0\u00bb]De la production \u00e0 la post production, Abaca Corporate vous propose des \u00e9quipes aguerries \u00e0 g\u00e9rer l&rsquo;organisation et le suivi de vos projets photo et vid\u00e9o les plus exigeants. Une <strong>\u00e9quipe attentive, pr\u00e9sente<\/strong>, qui <strong>vous conseille<\/strong> et <strong>vous accompagne<\/strong> \u00e9tape par \u00e9tape, dans la d\u00e9finition du concept, la coordination logistique, la r\u00e9alisation et la gestion des droits.<\/p>\n<p>Photographes sp\u00e9cialis\u00e9s en <strong>architecture, h\u00f4tellerie, portraits, culinaire, industriel, institutionnel, \u00e9v\u00e8nementiel<\/strong>\u2026 les profils de nos collaborateurs sont vari\u00e9s afin de pouvoir vous proposer le photographe que vous attendez. Nous travaillons avec des professionnels qui \u00a0sauront donner vie \u00e0 tous vos projets, retranscrire au mieux les <strong>valeurs de votre entreprise<\/strong> et <strong>renforcer votre identit\u00e9 visuelle<\/strong>. Nos photographes sont \u00e9galement de v\u00e9ritables artistes qui sauront produire des photographies fortes, porteuses de sens, qui vous permettront de vous d\u00e9marquer face \u00e0 vos concurrents.<\/p>\n<p>Nos photographes sauront vous apporter leur expertise, une r\u00e9elle valeur ajout\u00e9e dans la communication visuelle de votre entreprise<\/p>\n<p>Notre agence travaille r\u00e9guli\u00e8rement \u00e0 d\u00e9nicher de nouveaux talents. Nous tenons \u00e0 diversifier notre r\u00e9seau que se soit en France ou \u00e0 l\u2019international et \u00e0 vous proposer de nouvelles \u00e9critures.[\/vc_column_text][\/vc_column][\/vc_row][vc_row css=\u00a0\u00bb.vc_custom_1541753635057{padding-top: 60px !important;padding-bottom: 60px !important;}\u00a0\u00bb][vc_column][vc_row_inner][vc_column_inner width=\u00a0\u00bb1\/4&Prime;][\/vc_column_inner][vc_column_inner width=\u00a0\u00bb1\/2&Prime;][vc_column_text]<\/p>\n<h2 style=\"text-align: center;\">Nos photographes<\/h2>\n<p>[\/vc_column_text][vc_separator color=\u00a0\u00bbcustom\u00a0\u00bb border_width=\u00a0\u00bb2&Prime; el_width=\u00a0\u00bb10&Prime; accent_color=\u00a0\u00bb#d42026&Prime; css=\u00a0\u00bb.vc_custom_1541757320154{padding-top: 20px !important;padding-bottom: 40px !important;}\u00a0\u00bb][\/vc_column_inner][vc_column_inner width=\u00a0\u00bb1\/4&Prime;][\/vc_column_inner][\/vc_row_inner][vc_empty_space height=\u00a0\u00bb40px\u00a0\u00bb][vc_row_inner css=\u00a0\u00bb.vc_custom_1541757162273{padding-bottom: 30px !important;}\u00a0\u00bb][vc_column_inner width=\u00a0\u00bb1\/4&Prime;][vc_hoverbox image=\u00a0\u00bb2999&Prime; primary_title=\u00a0\u00bb\u00a0\u00bb hover_title=\u00a0\u00bbAlain Apaydin\u00a0\u00bb shape=\u00a0\u00bbsquare\u00a0\u00bb]<span style=\"font-weight: 400;\">Photographe bas\u00e9 \u00e0 Paris, il s\u2019illustre dans la photographie d\u2019entreprise et \u00e9v\u00e8nementielle. <\/span>[\/vc_hoverbox][\/vc_column_inner][vc_column_inner width=\u00a0\u00bb1\/4&Prime;][vc_hoverbox image=\u00a0\u00bb2998&Prime; primary_title=\u00a0\u00bb\u00a0\u00bb hover_title=\u00a0\u00bbAnthony Lanneretonne\u00a0\u00bb shape=\u00a0\u00bbsquare\u00a0\u00bb]<span style=\"font-weight: 400;\">Photographe bas\u00e9 \u00e0 Nice, sp\u00e9cialis\u00e9 dans le domaine de l\u2019architecture, de l\u2019h\u00f4tellerie et du culinaire.<\/span>[\/vc_hoverbox][\/vc_column_inner][vc_column_inner width=\u00a0\u00bb1\/4&Prime;][vc_hoverbox image=\u00a0\u00bb2997&Prime; primary_title=\u00a0\u00bb\u00a0\u00bb hover_title=\u00a0\u00bbAntonin Weber\u00a0\u00bb shape=\u00a0\u00bbsquare\u00a0\u00bb]<span style=\"font-weight: 400;\">Photographe bas\u00e9 entre Paris et Istanbul, il r\u00e9alise des portraits et reportages en entreprise. <\/span>[\/vc_hoverbox][\/vc_column_inner][vc_column_inner width=\u00a0\u00bb1\/4&Prime;][vc_hoverbox image=\u00a0\u00bb2996&Prime; primary_title=\u00a0\u00bb\u00a0\u00bb hover_title=\u00a0\u00bbBoris Zuliani\u00a0\u00bb shape=\u00a0\u00bbsquare\u00a0\u00bb]<span style=\"font-weight: 400;\">Photographe bas\u00e9 au Vietnam, il travaille dans toute l\u2019Asie du Sud Est. Il est sp\u00e9cialis\u00e9 en photographie de mode et d\u2019architecture.<\/span>[\/vc_hoverbox][\/vc_column_inner][\/vc_row_inner][vc_row_inner css=\u00a0\u00bb.vc_custom_1541757162273{padding-bottom: 30px !important;}\u00a0\u00bb][vc_column_inner width=\u00a0\u00bb1\/4&Prime;][vc_hoverbox image=\u00a0\u00bb2995&Prime; primary_title=\u00a0\u00bb\u00a0\u00bb hover_title=\u00a0\u00bbDidier Delmas\u00a0\u00bb shape=\u00a0\u00bbsquare\u00a0\u00bb]<span style=\"font-weight: 400;\">Photographe bas\u00e9 \u00e0 Paris, sp\u00e9cialis\u00e9 en architecture, h\u00f4tellerie et d\u00e9coration d\u2019int\u00e9rieure.<\/span>[\/vc_hoverbox][\/vc_column_inner][vc_column_inner width=\u00a0\u00bb1\/4&Prime;][vc_hoverbox image=\u00a0\u00bb2994&Prime; primary_title=\u00a0\u00bb\u00a0\u00bb hover_title=\u00a0\u00bbFilip Gierslinski\u00a0\u00bb shape=\u00a0\u00bbsquare\u00a0\u00bb]Photographe bas\u00e9 \u00e0 Londres, il est sp\u00e9cialis\u00e9 en photographie d\u2019entreprise, portraits, h\u00f4tellerie.[\/vc_hoverbox][\/vc_column_inner][vc_column_inner width=\u00a0\u00bb1\/4&Prime;][vc_hoverbox image=\u00a0\u00bb3496&Prime; primary_title=\u00a0\u00bb\u00a0\u00bb hover_title=\u00a0\u00bbGiuliano Ottaviani\u00a0\u00bb shape=\u00a0\u00bbsquare\u00a0\u00bb]<\/p>\n<div>Photographe bas\u00e9 \u00e0 Paris, il r\u00e9alise des portraits et des photographies d\u2019architecture<\/div>\n<p>[\/vc_hoverbox][\/vc_column_inner][vc_column_inner width=\u00a0\u00bb1\/4&Prime;][vc_hoverbox image=\u00a0\u00bb3497&Prime; primary_title=\u00a0\u00bb\u00a0\u00bb hover_title=\u00a0\u00bbJ\u00e9r\u00e9mie Mazenq\u00a0\u00bb shape=\u00a0\u00bbsquare\u00a0\u00bb]<span style=\"font-weight: 400;\">Photographe bas\u00e9 \u00e0 Bordeaux, il est sp\u00e9cialis\u00e9 en architecture et reportages en entreprise. <\/span><\/p>\n<p>[\/vc_hoverbox][\/vc_column_inner][\/vc_row_inner][vc_row_inner css=\u00a0\u00bb.vc_custom_1541757130794{padding-bottom: 30px !important;}\u00a0\u00bb][vc_column_inner width=\u00a0\u00bb1\/4&Prime;][vc_hoverbox image=\u00a0\u00bb2990&Prime; primary_title=\u00a0\u00bb\u00a0\u00bb hover_title=\u00a0\u00bbJ\u00e9r\u00f4me Domin\u00e9\u00a0\u00bb shape=\u00a0\u00bbsquare\u00a0\u00bb]<span style=\"font-weight: 400;\">Photographe parisien, il s\u2019illustre comme portraitiste, mais aussi en reportage d\u2019entreprise et \u00e9v\u00e8nementiel.<\/span><\/p>\n<p>[\/vc_hoverbox][\/vc_column_inner][vc_column_inner width=\u00a0\u00bb1\/4&Prime;][vc_hoverbox image=\u00a0\u00bb3498&Prime; primary_title=\u00a0\u00bb\u00a0\u00bb hover_title=\u00a0\u00bbJo Hanley\u00a0\u00bb shape=\u00a0\u00bbsquare\u00a0\u00bb]<span style=\"font-weight: 400;\">Photographe bas\u00e9e \u00e0 Edimbourg, elle r\u00e9alise des photographies d\u2019architecture, d\u2019h\u00f4tellerie et des reportages en entreprise. <\/span><\/p>\n<p>[\/vc_hoverbox][\/vc_column_inner][vc_column_inner width=\u00a0\u00bb1\/4&Prime;][vc_hoverbox image=\u00a0\u00bb2988&Prime; primary_title=\u00a0\u00bb\u00a0\u00bb hover_title=\u00a0\u00bbJulien Knaub\u00a0\u00bb shape=\u00a0\u00bbsquare\u00a0\u00bb]<span style=\"font-weight: 400;\">Photographe bas\u00e9 \u00e0 Paris, il r\u00e9alise des portraits et des photographies \u00e9v\u00e8nementielles.<\/span>[\/vc_hoverbox][\/vc_column_inner][vc_column_inner width=\u00a0\u00bb1\/4&Prime;][vc_hoverbox image=\u00a0\u00bb2987&Prime; primary_title=\u00a0\u00bb\u00a0\u00bb hover_title=\u00a0\u00bbNicolas Gouhier\u00a0\u00bb shape=\u00a0\u00bbsquare\u00a0\u00bb]Photographe parisien, il s\u2019illustre pour ses portraits et ses photos industrielles et \u00e9v\u00e8nementielles.[\/vc_hoverbox][\/vc_column_inner][\/vc_row_inner][vc_row_inner css=\u00a0\u00bb.vc_custom_1541757130794{padding-bottom: 30px !important;}\u00a0\u00bb][vc_column_inner width=\u00a0\u00bb1\/4&Prime;][vc_hoverbox image=\u00a0\u00bb2984&Prime; primary_title=\u00a0\u00bb\u00a0\u00bb hover_title=\u00a0\u00bbOlivier Douliery\u00a0\u00bb shape=\u00a0\u00bbsquare\u00a0\u00bb]<span style=\"font-weight: 400;\">Photographe bas\u00e9 \u00e0 Washington. Il r\u00e9alise des reportages en entreprise et des portraits.<\/span>[\/vc_hoverbox][\/vc_column_inner][vc_column_inner width=\u00a0\u00bb1\/4&Prime;][vc_hoverbox image=\u00a0\u00bb2981&Prime; primary_title=\u00a0\u00bb\u00a0\u00bb hover_title=\u00a0\u00bbPhilippe Louzon\u00a0\u00bb shape=\u00a0\u00bbsquare\u00a0\u00bb]<span style=\"font-weight: 400;\">Photographe bas\u00e9 \u00e0 Paris, il est sp\u00e9cialis\u00e9 en photographie d\u2019architecture, h\u00f4tellerie et culinaire. <\/span>[\/vc_hoverbox][\/vc_column_inner][vc_column_inner width=\u00a0\u00bb1\/4&Prime;][vc_hoverbox image=\u00a0\u00bb2978&Prime; primary_title=\u00a0\u00bb\u00a0\u00bb hover_title=\u00a0\u00bbRapha\u00ebl Olivier\u00a0\u00bb shape=\u00a0\u00bbsquare\u00a0\u00bb]Bas\u00e9 \u00e0 Bangkok, il travaille comme photographe d\u2019entreprise, de portraits et d\u2019architecture.[\/vc_hoverbox][\/vc_column_inner][vc_column_inner width=\u00a0\u00bb1\/4&Prime;][vc_hoverbox image=\u00a0\u00bb2977&Prime; primary_title=\u00a0\u00bb\u00a0\u00bb hover_title=\u00a0\u00bbSandrine Roudeix\u00a0\u00bb shape=\u00a0\u00bbsquare\u00a0\u00bb]Photographe bas\u00e9e \u00e0 Paris, elle s\u2019illustre comme portraitiste.[\/vc_hoverbox][\/vc_column_inner][\/vc_row_inner][\/vc_column][\/vc_row]<\/p>\n<\/div>","protected":false},"excerpt":{"rendered":"<p>[vc_row css=\u00a0\u00bb.vc_custom_1539682190116{padding-bottom: 80px !important;}\u00a0\u00bb][vc_column][vc_column_text] La puissance d&rsquo;un r\u00e9seau unique de professionnels passionn\u00e9s par l&rsquo;image [\/vc_column_text][\/vc_column][\/vc_row][vc_row full_width=\u00a0\u00bbstretch_row\u00a0\u00bb css=\u00a0\u00bb.vc_custom_1541692740805{padding-top: 100px !important;padding-bottom: 100px !important;background-color: #f8f8f9 !important;}\u00a0\u00bb][vc_column width=\u00a0\u00bb1\/2&Prime; offset=\u00a0\u00bbvc_hidden-xs\u00a0\u00bb][vc_empty_space height=\u00a0\u00bb120px\u00a0\u00bb][vc_single_image image=\u00a0\u00bb3631&Prime; img_size=\u00a0\u00bbfull\u00a0\u00bb][\/vc_column][vc_column width=\u00a0\u00bb1\/2&Prime;][vc_column_text] Un r\u00e9seau France et monde [\/vc_column_text][vc_separator color=\u00a0\u00bbcustom\u00a0\u00bb align=\u00a0\u00bbalign_left\u00a0\u00bb border_width=\u00a0\u00bb2&Prime; el_width=\u00a0\u00bb10&Prime; accent_color=\u00a0\u00bb#e52e36&Prime; [&hellip;]<\/p>\n","protected":false},"author":4,"featured_media":0,"parent":0,"menu_order":0,"comment_status":"closed","ping_status":"closed","template":"","meta":{"footnotes":""},"class_list":["post-2830","page","type-page","status-publish","hentry"],"_links":{"self":[{"href":"https:\/\/abacapress.com\/corporate\/wp-json\/wp\/v2\/pages\/2830","targetHints":{"allow":["GET"]}}],"collection":[{"href":"https:\/\/abacapress.com\/corporate\/wp-json\/wp\/v2\/pages"}],"about":[{"href":"https:\/\/abacapress.com\/corporate\/wp-json\/wp\/v2\/types\/page"}],"author":[{"embeddable":true,"href":"https:\/\/abacapress.com\/corporate\/wp-json\/wp\/v2\/users\/4"}],"replies":[{"embeddable":true,"href":"https:\/\/abacapress.com\/corporate\/wp-json\/wp\/v2\/comments?post=2830"}],"version-history":[{"count":0,"href":"https:\/\/abacapress.com\/corporate\/wp-json\/wp\/v2\/pages\/2830\/revisions"}],"wp:attachment":[{"href":"https:\/\/abacapress.com\/corporate\/wp-json\/wp\/v2\/media?parent=2830"}],"curies":[{"name":"wp","href":"https:\/\/api.w.org\/{rel}","templated":true}]}}