{"id":11690,"date":"2023-10-13T09:11:45","date_gmt":"2023-10-13T07:11:45","guid":{"rendered":"https:\/\/abacapress.com\/press\/?page_id=11690"},"modified":"2023-10-25T13:33:27","modified_gmt":"2023-10-25T11:33:27","slug":"politique-de-protection-des-donnees-personnelles","status":"publish","type":"page","link":"https:\/\/abacapress.com\/press\/politique-de-protection-des-donnees-personnelles\/","title":{"rendered":"Politique de protection des donn\u00e9es personnelles"},"content":{"rendered":"<p class=\"p1\">Pr\u00e9ambule<\/p>\n<p class=\"p2\">Le Site <b>abacapress.com<\/b> ainsi que ses annexes <b>abacapress.com\/press<\/b>, <b>abacapress.com\/corporate<\/b>, <b>abacapress.com\/stock, press\/blog-abaca-press\/<\/b> (ci-apr\u00e8s d\u00e9nomm\u00e9 \u00ab le\u00a0<b>Site<\/b>\u00a0\u00bb) est exploit\u00e9 par la Soci\u00e9t\u00e9\u00a0<b>ABACA PRESS<\/b>, SAS au capital social de 48 800 \u20ac, immatricul\u00e9e au RCS de NANTERRE\u00a0sous le num\u00e9ro 389 662 154, dont le si\u00e8ge social est 6 rue Baudreuil \u2013 92190 MEUDON, pouvant \u00eatre contact\u00e9e par mail \u00e0\u00a0<b>rgpd@abacapress.fr<\/b>(ci-apr\u00e8s d\u00e9nomm\u00e9 \u00ab\u00a0l<b>\u2019\u00c9diteur\u00a0<\/b>\u00bb).<\/p>\n<p class=\"p2\">L\u2019acc\u00e8s au Site et \u00e0 ses fonctionnalit\u00e9s n\u00e9cessite la collecte et le traitement des donn\u00e9es \u00e0 caract\u00e8re personnel des Utilisateurs. Il \u00e9tait donc n\u00e9cessaire d\u2019\u00e9tablir une politique de protection des donn\u00e9es personnelles permettant de respecter les recommandations d\u2019usage en mati\u00e8re de traitement des donn\u00e9es personnelles telles qu\u2019instaur\u00e9es par la loi et la r\u00e9glementation applicables.<\/p>\n<p class=\"p2\">La Politique de protection des donn\u00e9es du Site a \u00e9t\u00e9 \u00e9tablie en accord avec les pr\u00e9conisations de la Commission Nationale de l\u2019informatique et des libert\u00e9s (dite \u00ab\u00a0<b>CNIL<\/b>\u00a0\u00bb). Elle a pour objectif d\u2019informer les Utilisateurs du Site de la fa\u00e7on dont leurs donn\u00e9es personnelles sont trait\u00e9es et des engagements et mesures prises par l\u2019\u00c9diteur afin de veiller au respect des donn\u00e9es \u00e0 caract\u00e8re personnel des Utilisateurs du Site.<\/p>\n<p class=\"p2\">Elle a \u00e9t\u00e9 \u00e9tablie conform\u00e9ment aux dispositions de\u00a0:<\/p>\n<ul class=\"ul1\">\n<li class=\"li4\"><span class=\"s3\">La\u00a0<i>Loi Informatique et Libert\u00e9 du 6 janvier 1978\u00a0;<\/i><\/span><\/li>\n<li class=\"li4\"><span class=\"s3\">Du\u00a0<i>R\u00e8glement Europ\u00e9en sur les Donn\u00e9es Personnelles (dit \u00ab\u00a0R.G.P.D.\u00a0\u00bb) du 23 mai 2018\u00a0<\/i>;<\/span><\/li>\n<li class=\"li4\"><span class=\"s3\">La\u00a0<i>Loi de transposition du R\u00e8glement Europ\u00e9en sur la Protection des Donn\u00e9es Personnelles (R.G.P.D.) du 20 juin 2018<\/i>.\u00a0<\/span><\/li>\n<\/ul>\n<p class=\"p2\">La version actuellement publi\u00e9e sur le Site est la version en vigueur de cette politique. L\u2019\u00c9diteur se r\u00e9serve le droit de la modifier \u00e0 tout instant afin de se conformer aux obligations l\u00e9gales en vigueur. Toute modification apport\u00e9e \u00e0 la politique de Confidentialit\u00e9 sera communiqu\u00e9e aux Utilisateurs afin de recueillir leur consentement \u00e0 la nouvelle politique.<\/p>\n<p class=\"p2\">En navigant sur notre Site, l\u2019Utilisateur reconna\u00eet avoir lu, compris et accepter la pr\u00e9sente politique de protection des donn\u00e9es. Toute question relative \u00e0 cette politique peut \u00eatre formul\u00e9e aupr\u00e8s du responsable de traitement,\u00a0<b>Mr BOUHANA, rgpd@abacapress.fr<\/b><\/p>\n<p class=\"p1\">Article 1 \u2013 D\u00e9finitions<\/p>\n<p class=\"p2\"><b>1.1 Termes techniques relatif \u00e0 la protection des donn\u00e9es personnelles<\/b><\/p>\n<p class=\"p2\">Sur notre Site, les termes ci-dessous ont la signification qui leur est attribu\u00e9e au sens du R.G.P.D.\u00a0<i>(art.4<\/i>)\u00a0:<\/p>\n<p class=\"p2\"><b>Consentement<\/b>\u00a0: \u00ab\u00a0<i>de la personne concern\u00e9e, toute manifestation de volont\u00e9, libre, sp\u00e9cifique, \u00e9clair\u00e9e et univoque par laquelle la personne concern\u00e9e accepte, par une d\u00e9claration ou par un acte positif clair, que des donn\u00e9es \u00e0 caract\u00e8re personnel la concernant fassent l\u2019objet d\u2019un traitement\u00a0<\/i>\u00bb\u00a0;<\/p>\n<p class=\"p2\"><b>Responsable du traitement<\/b>\u00a0:\u00a0<i>\u00ab\u00a0la personne physique ou morale, l\u2019autorit\u00e9 publique, le service ou un autre organisme qui, seul ou conjointement avec d\u2019autres, d\u00e9termine les finalit\u00e9s et les moyens du traitement; lorsque les finalit\u00e9s et les moyens de ce traitement sont d\u00e9termin\u00e9s par le droit de l\u2019Union ou le droit d\u2019un \u00c9tat membre, le responsable du traitement peut \u00eatre d\u00e9sign\u00e9 ou les crit\u00e8res sp\u00e9cifiques applicables \u00e0 sa d\u00e9signation peuvent \u00eatre pr\u00e9vus par le droit de l\u2019Union ou par le droit d\u2019un \u00c9tat membre<\/i>\u00a0\u00bb\u00a0;<\/p>\n<p class=\"p2\"><b>Sous-traitant<\/b>\u00a0: \u00ab\u00a0<i>la personne physique ou morale, l\u2019autorit\u00e9 publique, le service ou un autre organisme qui traite des donn\u00e9es \u00e0 caract\u00e8re personnel pour le compte du responsable du traitement<\/i>\u00a0\u00bb\u00a0;<\/p>\n<p class=\"p2\"><b>Traitement<\/b>\u00a0: \u00ab\u00a0<i>toute op\u00e9ration ou tout ensemble d\u2019op\u00e9rations effectu\u00e9es ou non \u00e0 l\u2019aide de proc\u00e9d\u00e9s automatis\u00e9s et appliqu\u00e9es \u00e0 des donn\u00e9es ou des ensembles de donn\u00e9es \u00e0 caract\u00e8re personnel, telles que la collecte, l\u2019enregistrement, l\u2019organisation, la structuration, la conservation, l\u2019adaptation ou la modification, l\u2019extraction, la consultation, l\u2019utilisation, la communication par transmission, la diffusion ou toute autre forme de mise \u00e0 disposition, le rapprochement ou l\u2019interconnexion, la limitation, l\u2019effacement ou la destruction<\/i>\u00a0\u00bb\u00a0;<\/p>\n<p class=\"p2\"><b>Violation de donn\u00e9es \u00e0 caract\u00e8re personnel<\/b>\u00a0: \u00ab\u00a0<i>une violation de la s\u00e9curit\u00e9 entra\u00eenant, de mani\u00e8re accidentelle ou illicite, la destruction, la perte, l\u2019alt\u00e9ration, la divulgation non autoris\u00e9e de donn\u00e9es \u00e0 caract\u00e8re personnel transmises, conserv\u00e9es ou trait\u00e9es d\u2019une autre mani\u00e8re, ou l\u2019acc\u00e8s non autoris\u00e9 \u00e0 de telles donn\u00e9es\u00a0<\/i>\u00bb.<\/p>\n<p class=\"p2\"><b>1.2 Autres termes utilis\u00e9s aux pr\u00e9sentes\u00a0<\/b><\/p>\n<p class=\"p2\">\u00ab\u00a0<b>\u00c9diteur<\/b>\u00a0\u00bb\u00a0: d\u00e9signe la Soci\u00e9t\u00e9\u00a0<b>ABACAPRESS<\/b>, SAS au capital social de 48.800 \u20ac, immatricul\u00e9e au RCS de NANTERRE\u00a0sous le num\u00e9ro B 500 967 021, dont le si\u00e8ge social est sous le num\u00e9ro 389 662 154, dont le si\u00e8ge social est 6 rue Baudreuil \u2013 92190 MEUDON, pouvant \u00eatre contact\u00e9e par mail \u00e0\u00a0<b>rgpd@abacapress.fr<\/b><\/p>\n<p class=\"p2\"><b>\u00ab\u00a0Fonctionnalit\u00e9s\u00a0\u00bb<\/b>\u00a0: d\u00e9signe toutes les fonctionnalit\u00e9s mises \u00e0 disposition des Utilisateurs via le Site\u00a0;<\/p>\n<p class=\"p2\"><b>\u00ab\u00a0Site\u00a0\u00bb<\/b>\u00a0: d\u00e9signe le Site abacapress.fr, ainsi que ses annexes\u00a0: \/press, \/corporate, \/stocks, \/blog-abaca-press exploit\u00e9 par l\u2019\u00c9diteur et mis \u00e0 disposition de l\u2019Utilisateur\u00a0;<\/p>\n<p class=\"p2\"><b>\u00ab\u00a0Utilisateur\u00a0\u00bb<\/b>\u00a0: d\u00e9signe tout individu utilisant notre Site et ayant acc\u00e8s \u00e0 son contenu.<\/p>\n<p class=\"p1\">Article 2 \u2013 Qu\u2019est-ce qu\u2019une donn\u00e9e \u00e0 caract\u00e8re personnel\u00a0?<\/p>\n<p class=\"p2\">Les donn\u00e9es \u00e0 caract\u00e8re personnel (les \u00ab\u00a0<b>Donn\u00e9es Personnelles<\/b>\u00a0\u00bb) d\u00e9signent toute information pouvant identifier directement ou indirectement une personne physique (nom, pr\u00e9nom, courriel, n\u00b0 de t\u00e9l\u00e9phone, adresse postale, etc.).<\/p>\n<p class=\"p2\">A ce titre, le RGPD d\u00e9finit une donn\u00e9e \u00e0 caract\u00e8re personnel comme\u00a0: \u00ab\u00a0<i>toute information se rapportant \u00e0 une personne physique identifi\u00e9e ou identifiable (ci-apr\u00e8s d\u00e9nomm\u00e9e \u00abpersonne concern\u00e9e\u00bb)\u00a0; est r\u00e9put\u00e9e \u00eatre une \u00abpersonne physique identifiable\u00bb une personne physique qui peut \u00eatre identifi\u00e9e, directement ou indirectement, notamment par r\u00e9f\u00e9rence \u00e0 un identifiant, tel qu\u2019un nom, un num\u00e9ro d\u2019identification, des donn\u00e9es de localisation, un identifiant en ligne, ou \u00e0 un ou plusieurs \u00e9l\u00e9ments sp\u00e9cifiques propres \u00e0 son identit\u00e9 physique, physiologique, g\u00e9n\u00e9tique, psychique, \u00e9conomique, culturelle ou sociale;<\/i>\u00a0\u00bb.<\/p>\n<p class=\"p1\">Article 3 \u2013 Les donn\u00e9es de mineurs<\/p>\n<p class=\"p2\">Conform\u00e9ment aux dispositions de l\u2019article 8 du R\u00e8glement europ\u00e9en 2016\/679 et \u00e0 la loi Informatique et Libert\u00e9s, seuls les mineurs \u00e2g\u00e9s de 15 ans ou plus peuvent consentir au traitement de leurs donn\u00e9es personnelles.<\/p>\n<p class=\"p2\">Les utilisateurs de moins de quinze (15) ans sont invit\u00e9s \u00e0 solliciter l\u2019accord d\u2019un repr\u00e9sentant l\u00e9gal \u2013 requis par l\u2019\u00c9diteur \u2013 afin que ses donn\u00e9es \u00e0 caract\u00e8re personnel puissent \u00eatre collect\u00e9es et pour pouvoir utiliser les services du Site.<\/p>\n<p class=\"p2\">La responsabilit\u00e9 de l\u2019\u00c9diteur ne pourra pas \u00eatre recherch\u00e9e en cas de fourniture par tout utilisateur de donn\u00e9es personnelles concernant un mineur de moins de quinze (15) ans.<\/p>\n<p class=\"p2\">En outre, les Services du Site ne sont pas accessibles aux mineurs de moins de dix-huit (18) ans.<\/p>\n<p class=\"p1\">Article 4 \u2013 La collecte des donn\u00e9es personnelles<\/p>\n<p class=\"p2\"><b>Nous recueillons votre consentement.\u00a0<\/b><\/p>\n<p class=\"p2\">En naviguant sur le Site, l\u2019Utilisateur devra, \u00e0 plusieurs reprises, fournir certaines de ses donn\u00e9es personnelles (aux finalit\u00e9s indiqu\u00e9es \u00e0 l\u2019article 5).<\/p>\n<p class=\"p2\">En fournissant ses donn\u00e9es, l\u2019Utilisateur consent donc \u00e0 la collecte et au traitement des donn\u00e9es personnelles renseign\u00e9es, par l\u2019\u00c9diteur aux finalit\u00e9s exclusives telles que d\u00e9taill\u00e9es dans l\u2019article 5 de la Politique. Ce consentement, ainsi que d\u2019autres motifs, servent de base l\u00e9gale au traitement des donn\u00e9es collect\u00e9es.<\/p>\n<p class=\"p2\">L\u2019\u00c9diteur collecte et traite les donn\u00e9es strictement n\u00e9cessaires aux finalit\u00e9s pour lesquelles elles sont trait\u00e9es. Il s\u2019engage aupr\u00e8s des Utilisateurs \u00e0 ne pas traiter les donn\u00e9es pour des finalit\u00e9s diff\u00e9rentes que celles mentionn\u00e9es ci-dessous. S\u2019il devait proposer un nouveau service sur le Site, ou toute autre fonctionnalit\u00e9 du Site, n\u00e9cessitant la collecte et le traitement de donn\u00e9es, l\u2019\u00c9diteur s\u2019engage \u00e0 collecter l\u2019accord des Utilisateurs une nouvelle fois avant de proposer le nouveau service dont il est question.<\/p>\n<p class=\"p2\">Chaque fois que le Site traite des donn\u00e9es personnelles, l\u2019\u00c9diteur prend toutes les mesures raisonnables pour s\u2019assurer de l\u2019exactitude et de la pertinence des donn\u00e9es personnelles au regard des finalit\u00e9s pour lesquelles elles sont trait\u00e9es.<\/p>\n<p class=\"p1\">Article 5 \u2013 Finalit\u00e9 des traitements<\/p>\n<p class=\"p2\">L\u2019\u00c9diteur collecte les donn\u00e9es des Utilisateurs uniquement pour les finalit\u00e9s de traitement suivantes\u00a0:<\/p>\n<ul class=\"ul1\">\n<li class=\"li4\"><span class=\"s3\"><b>Formulaire d\u2019inscription<\/b><\/span><\/li>\n<\/ul>\n<p class=\"p2\">Un formulaire d\u2019inscription est disponible sur le Site \u00e0 l\u2019adresse suivante\u00a0: <a href=\"https:\/\/abacapress.com\/\"><span class=\"s4\">https:\/\/abacapress.com\/<\/span><\/a> sur le header<\/p>\n<p><img loading=\"lazy\" decoding=\"async\" class=\"alignnone size-medium wp-image-11691\" src=\"https:\/\/abacapress.com\/press\/wp-content\/uploads\/2023\/10\/header-300x24.png\" alt=\"\" width=\"300\" height=\"24\" srcset=\"https:\/\/abacapress.com\/press\/wp-content\/uploads\/2023\/10\/header-300x24.png 300w, https:\/\/abacapress.com\/press\/wp-content\/uploads\/2023\/10\/header.png 674w\" sizes=\"auto, (max-width: 300px) 100vw, 300px\" \/><\/p>\n<p class=\"p2\">Pour r\u00e9pondre \u00e0 sa demande, l\u2019Utilisateur doit fournir :<\/p>\n<p class=\"p7\">&#8211; le nom de la soci\u00e9t\u00e9,<\/p>\n<p class=\"p7\">&#8211; l\u2019activit\u00e9,<\/p>\n<p class=\"p7\">&#8211; l\u2019adresse,<\/p>\n<p class=\"p7\">&#8211; le pays,<\/p>\n<p class=\"p7\">&#8211; le nom,<\/p>\n<p class=\"p7\">&#8211; le pr\u00e9nom,<\/p>\n<p class=\"p7\">&#8211; la fonction,<\/p>\n<p class=\"p7\">&#8211; l\u2019email,<\/p>\n<p class=\"p7\">&#8211; le t\u00e9l\u00e9phone<\/p>\n<p class=\"p7\">&#8211; La base l\u00e9gale est\u00a0le Consentement de l\u2019Utilisateur.<\/p>\n<p class=\"p2\">Les donn\u00e9es des Utilisateurs ne seront pas trait\u00e9es \u00e0 d\u2019autres finalit\u00e9s.<\/p>\n<p class=\"p2\">La base l\u00e9gale est\u00a0le Consentement de l\u2019Utilisateur.<\/p>\n<p class=\"p2\">Les donn\u00e9es des Utilisateurs ne seront pas trait\u00e9es \u00e0 d\u2019autres finalit\u00e9s.<\/p>\n<p class=\"p2\">Tout Utilisateur peut retirer \u00e0 tout moment son consentement en envoyant un email au responsable de traitement d\u2019ABACA PRESS ou en utilisant la fonctionnalit\u00e9 pr\u00e9vue \u00e0 cet effet dans les mails re\u00e7us.<\/p>\n<ul class=\"ul1\">\n<li class=\"li4\"><span class=\"s3\"><b>Analyse des informations de navigation<\/b><\/span><\/li>\n<\/ul>\n<p class=\"p10\">En naviguant sur le Site, l\u2019Utilisateur peut \u00eatre amen\u00e9 \u00e0 renseigner ses\u00a0donn\u00e9es personnelles de connexion.<\/p>\n<p class=\"p10\">La base l\u00e9gale est\u00a0la suivante\u00a0:\u00a0 Le traitement est n\u00e9cessaire aux fins des int\u00e9r\u00eats l\u00e9gitimes poursuivis par l\u2019\u00c9diteur, notamment de proposer aux Utilisateurs une exp\u00e9rience de navigation fluide et am\u00e9lior\u00e9e.<\/p>\n<ul class=\"ul1\">\n<li class=\"li4\"><span class=\"s3\">Les donn\u00e9es de connexion sont \u00e9galement utilis\u00e9es pour pr\u00e9venir et lutter contre toute fraude informatique.\u00a0<\/span><\/li>\n<li class=\"li4\"><span class=\"s3\">La base l\u00e9gale est la r\u00e9ponse \u00e0 une\u00a0obligation l\u00e9gale.<\/span><\/li>\n<\/ul>\n<p class=\"p1\">Article 6 \u2013 Dur\u00e9e de conservation des donn\u00e9es<\/p>\n<p class=\"p2\">L\u2019\u00c9diteur ne d\u00e9passe pas les d\u00e9lais l\u00e9gaux de conservation des donn\u00e9es et les donn\u00e9es des Utilisateurs sont conserv\u00e9es uniquement pour la dur\u00e9e n\u00e9cessaire aux traitements des finalit\u00e9s pour lesquelles elles ont \u00e9t\u00e9 collect\u00e9es.<\/p>\n<p class=\"p2\">Les dur\u00e9es de conservation sont les suivantes\u00a0:<\/p>\n<ul class=\"ul1\">\n<li class=\"li4\"><span class=\"s3\"><b>Donn\u00e9es des Utilisateurs ayant formul\u00e9 une demande via le formulaire d\u2019inscription<\/b>\u00a0: elles sont conserv\u00e9es dans un d\u00e9lai maximum de trois (3) ans apr\u00e8s le dernier contact \u00e9manant de l\u2019Utilisateur ou avant si ce dernier a exerc\u00e9 un droit en application du R\u00e8glement G\u00e9n\u00e9ral de protection des donn\u00e9es\u00a0;\u00a0<\/span><\/li>\n<li class=\"li4\"><span class=\"s3\"><b>Donn\u00e9es des entreprises (prospects ou projet non abouti)\u00a0<\/b>: elles sont conserv\u00e9es dans un d\u00e9lai maximum de trois (3) ans apr\u00e8s le dernier contact \u00e9manant de l\u2019entreprise ou avant si cette derni\u00e8re a exerc\u00e9 un droit en application du R\u00e8glement G\u00e9n\u00e9ral de protection des donn\u00e9es\u00a0;\u00a0<\/span><\/li>\n<li class=\"li4\"><span class=\"s3\"><b>Donn\u00e9es des entreprises clientes<\/b>\u00a0: elles sont conserv\u00e9es dans les d\u00e9lais l\u00e9gaux indiqu\u00e9s dans l\u2019Accord de confidentialit\u00e9 entre l\u2019Entreprise cliente et ABACA PRESS et dans le respect des dispositions l\u00e9gales applicables\u00a0;\u00a0<\/span><\/li>\n<li class=\"li4\"><span class=\"s3\"><b>Donn\u00e9es de connexion<\/b>\u00a0: elles sont conserv\u00e9es pour une dur\u00e9e maximale de 13 mois.<\/span><\/li>\n<li class=\"li12\"><\/li>\n<\/ul>\n<p class=\"p2\">Dans l\u2019\u00e9tablissement de sa politique de traitement des donn\u00e9es, la\u00a0<b>Soci\u00e9t\u00e9 ABACA PRESS<\/b>\u00a0a \u00e9tabli une grille de r\u00e9f\u00e9rence pour la dur\u00e9e de conservation des donn\u00e9es, \u00e9labor\u00e9e gr\u00e2ce aux recommandations de la CNIL. En outre, l\u2019\u00c9diteur est susceptible de conserver certaines donn\u00e9es personnelles afin de remplir ses obligations l\u00e9gales ou r\u00e9glementaires, de permettre l\u2019exercice des droits des utilisateurs, ou \u00e0 des fins statistiques. A l\u2019expiration de la dur\u00e9e de conservation des donn\u00e9es personnelles, celles-ci seront supprim\u00e9es ou anonymis\u00e9es.<\/p>\n<p class=\"p1\">Article 7 \u2013 Acc\u00e8s aux donn\u00e9es<\/p>\n<p class=\"p2\">Les donn\u00e9es collect\u00e9es via le Site sont destin\u00e9es exclusivement\u00a0aux destinataires suivants.<\/p>\n<p class=\"p2\"><b>7.1 H\u00e9bergement du Site\u00a0<\/b><\/p>\n<p class=\"p2\">Le Site est h\u00e9berg\u00e9 par\u00a0<b>OVH<\/b>,\u00a0<a href=\"http:\/\/www.ovhcloud.com\/\"><span class=\"s5\">www.ovhcloud.com<\/span><\/a>, sur des serveurs situ\u00e9s en France.<\/p>\n<p class=\"p2\">L\u2019h\u00e9bergeur a acc\u00e8s aux donn\u00e9es dans la limite de ses attributions respectives, pour l\u2019h\u00e9bergement du Site. Il dispose d\u2019un acc\u00e8s limit\u00e9 aux donn\u00e9es des Utilisateurs, dans le cadre de l\u2019ex\u00e9cution de ces prestations et a une obligation contractuelle de les utiliser en conformit\u00e9 avec les dispositions de la r\u00e9glementation applicable en mati\u00e8re protection des donn\u00e9es \u00e0 caract\u00e8re personnel.<\/p>\n<p class=\"p2\">Pour en savoir plus, consultez la politique de confidentialit\u00e9\u00a0<a href=\"https:\/\/www.ovhcloud.com\/fr\/personal-data-protection\/\"><span class=\"s5\">d\u2019OVH<\/span><\/a>.<\/p>\n<p class=\"p2\"><b>7.2 Prestataires tiers\u00a0<\/b><\/p>\n<p class=\"p2\">Le Site et l\u2019\u00c9diteur s\u2019appuient sur certains services tiers pour assurer certaines fonctionnalit\u00e9s. Ces derniers disposent d\u2019un acc\u00e8s limit\u00e9 aux donn\u00e9es des Utilisateurs, dans le cadre de l\u2019ex\u00e9cution de ces prestations et ont une obligation contractuelle de les utiliser en conformit\u00e9 avec les dispositions de la r\u00e9glementation applicable en mati\u00e8re protection des donn\u00e9es \u00e0 caract\u00e8re personnel.<\/p>\n<p class=\"p2\">Il est rappel\u00e9 que le 10 juillet 2023, la Commission Europ\u00e9enne a adopt\u00e9 la D\u00e9cision d\u2019ad\u00e9quation du 10.07.2023 (R\u00e9gulation (EU) 2016\/679 du Parlement Europ\u00e9en et du Conseil) constatant que les \u00c9tats-Unis assurent un niveau de protection substantiellement \u00e9quivalent \u00e0 celui de l\u2019Union Europ\u00e9enne, permettant ainsi, sous certaines conditions, le transfert de donn\u00e9es personnelles vers les \u00c9tats-Unis, sans exigences suppl\u00e9mentaires.<\/p>\n<p class=\"p2\"><b>7.3 Obligations l\u00e9gales<\/b><\/p>\n<p class=\"p2\">Les donn\u00e9es peuvent \u00e9galement \u00eatre transmises par l\u2019\u00c9diteur \u00e0 des tiers et autorit\u00e9s comp\u00e9tentes pour r\u00e9pondre \u00e0 des obligations l\u00e9gales, judiciaires, fiscales ou r\u00e8glementaires. L\u2019\u00c9diteur garantit aux Utilisateurs qu\u2019aucun transfert de donn\u00e9es personnelles ne sera effectu\u00e9 \u00e0 un tiers non autoris\u00e9, sans l\u2019accord pr\u00e9alable, volontaire, \u00e9clair\u00e9, expr\u00e8s et \u00e9crit de l\u2019Utilisateur.<\/p>\n<p class=\"p2\">L\u2019\u00c9diteur s\u2019interdit de traiter, h\u00e9berger ou transf\u00e9rer les Informations collect\u00e9es sur ses utilisateurs vers un pays situ\u00e9 en dehors de l\u2019Union europ\u00e9enne ou reconnu comme \u00ab\u00a0<i>non ad\u00e9quat<\/i>\u00a0\u00bb par la Commission europ\u00e9enne sans en informer pr\u00e9alablement le propri\u00e9taire des donn\u00e9es et sans avoir recueilli son accord.<\/p>\n<p class=\"p2\">Le CMS du Site est assur\u00e9 par\u00a0<b>WORDPRESS<\/b>,\u00a0<a href=\"http:\/\/www.wordpress.com\/\"><span class=\"s6\">www.wordpress.com<\/span><\/a>.<\/p>\n<p class=\"p2\">Pour en savoir plus, consultez la politique de confidentialit\u00e9 de\u00a0<a href=\"https:\/\/wordpress.org\/about\/privacy\/\"><span class=\"s6\">WORDPRESS<\/span><\/a>.<\/p>\n<p class=\"p2\">Pour communiquer avec les candidats et utilisateurs, ABACA PRESSE utilise le logiciel\u00a0<b>OUTLOOK<\/b>.<\/p>\n<p class=\"p2\">Pour en savoir plus, consultez la politique de confidentialit\u00e9 de\u00a0<a href=\"https:\/\/privacy.microsoft.com\/en-gb\/privacystatement\"><span class=\"s6\">Microsoft<\/span><\/a>.<\/p>\n<p class=\"p2\"><b>7.3 Obligations l\u00e9gales<\/b><\/p>\n<p class=\"p2\">Les donn\u00e9es peuvent \u00e9galement \u00eatre transmises par l\u2019\u00c9diteur \u00e0 des tiers et autorit\u00e9s comp\u00e9tentes pour r\u00e9pondre \u00e0 des obligations l\u00e9gales, judiciaires, fiscales ou r\u00e8glementaires. L\u2019\u00c9diteur garantit aux Utilisateurs qu\u2019aucun transfert de donn\u00e9es personnelles ne sera effectu\u00e9 \u00e0 un tiers non autoris\u00e9, sans l\u2019accord pr\u00e9alable, volontaire, \u00e9clair\u00e9, expr\u00e8s et \u00e9crit de l\u2019Utilisateur.<\/p>\n<p class=\"p2\">L\u2019\u00c9diteur s\u2019interdit de traiter, h\u00e9berger ou transf\u00e9rer les Informations collect\u00e9es sur ses utilisateurs vers un pays situ\u00e9 en dehors de l\u2019Union europ\u00e9enne ou reconnu comme \u00ab\u00a0<i>non ad\u00e9quat<\/i>\u00a0\u00bb par la Commission europ\u00e9enne sans en informer pr\u00e9alablement le propri\u00e9taire des donn\u00e9es et sans avoir recueilli son accord.<\/p>\n<p class=\"p1\">Article 8 \u2013 Protection des donn\u00e9es<\/p>\n<p class=\"p2\">L\u2019\u00c9diteur a pris toutes les pr\u00e9cautions utiles et n\u00e9cessaires, au regard de l\u2019\u00e9tat de l\u2019art en la mati\u00e8re, pour prot\u00e9ger vos informations dans un environnement s\u00e9curis\u00e9 en vue d\u2019\u00e9viter toute destruction, perte, alt\u00e9ration, diffusion ou acc\u00e8s non autoris\u00e9. Quels que soient les efforts fournis, aucune m\u00e9thode de transmission sur Internet et aucune m\u00e9thode de stockage \u00e9lectronique n\u2019est compl\u00e8tement s\u00fbre. Nous ne pouvons en cons\u00e9quence pas garantir une s\u00e9curit\u00e9 absolue. Si nous prenions connaissance d\u2019une br\u00e8che de la s\u00e9curit\u00e9, nous avertirions les utilisateurs concern\u00e9s afin qu\u2019ils puissent prendre les mesures appropri\u00e9es. Nos proc\u00e9dures de notification d\u2019incident tiennent compte de nos obligations l\u00e9gales, qu\u2019elles se situent au niveau national ou europ\u00e9en.<\/p>\n<p class=\"p2\">Dans le cas o\u00f9 l\u2019int\u00e9grit\u00e9 et la confidentialit\u00e9 de vos donn\u00e9es sont compromises, le responsable du traitement s\u2019engage \u00e0 respecter les proc\u00e9dures mises en place au titre de la Loi Informatiques et Libert\u00e9s du 6 janvier 1978 et du R\u00e8glement Europ\u00e9en sur la Protection des Donn\u00e9es (\u00ab\u00a0RGPD\u00a0\u00bb).<\/p>\n<p class=\"p2\">L\u2019\u00c9diteur n\u2019exerce aucune revente ni externalisation des donn\u00e9es des Utilisateurs.<\/p>\n<p class=\"p1\">Article 9 \u2013 Droits des personnes<\/p>\n<p class=\"p2\">Au regard des dispositions l\u00e9gales de\u00a0<i>la Loi Informatiques et Libert\u00e9s du 6 janvier 1978<\/i>\u00a0et du\u00a0<i>R\u00e8glement Europ\u00e9en sur la Protection des Donn\u00e9es (\u00ab\u00a0R.G.P.D\u00a0\u00bb),<\/i>\u00a0les Utilisateurs du Site disposent des droits suivants, qu\u2019ils peuvent exercer en adressant mail au responsable de traitement\u00a0:\u00a0<b>GILLES BOUHANA\u00a0<\/b>Soci\u00e9t\u00e9 sous-traitante, <b><i>rgpd@abacapress.fr<\/i><\/b>.<\/p>\n<p class=\"p2\"><b>9.1 Droit d\u2019acc\u00e8s, de rectification et droit \u00e0 l\u2019effacement\u00a0<\/b><\/p>\n<p class=\"p2\">L\u2019Utilisateur peut prendre connaissance, mettre \u00e0 jour, modifier ou demander la suppression des donn\u00e9es le concernant, en envoyant un courriel au responsable du traitement des donn\u00e9es personnelles, en pr\u00e9cisant l\u2019objet de sa demande et en utilisant l\u2019adresse e-mail de contact ci-dessus indiqu\u00e9e.<\/p>\n<p class=\"p2\"><b>9.2 Droit \u00e0 la portabilit\u00e9\u00a0<\/b><\/p>\n<p class=\"p2\">L\u2019Utilisateur a le droit de demander la portabilit\u00e9 de ses donn\u00e9es personnelles, d\u00e9tenues par le Site ou par l\u2019\u00c9diteur, vers un autre site, en faisant une demande de portabilit\u00e9 de ses donn\u00e9es personnelles aupr\u00e8s du responsable du traitement des donn\u00e9es, en envoyant un courriel \u00e0 l\u2019adresse pr\u00e9vue ci-dessus.<\/p>\n<p class=\"p2\"><b>9.3 Droit \u00e0 la limitation et \u00e0 l\u2019opposition du traitement des donn\u00e9es\u00a0<\/b><\/p>\n<p class=\"p2\">L\u2019Utilisateur a le droit de demander la limitation ou de s\u2019opposer au traitement de ses donn\u00e9es par l\u2019\u00c9diteur, sans que celui-ci ne puisse refuser, sauf \u00e0 d\u00e9montrer l\u2019existence de motifs l\u00e9gitimes et imp\u00e9rieux, pouvant pr\u00e9valoir sur les int\u00e9r\u00eats et les droits et libert\u00e9s de l\u2019utilisateur.<\/p>\n<p class=\"p2\">L\u2019Utilisateur doit faire une demande de limitation au traitement de ses donn\u00e9es personnelles aupr\u00e8s du responsable du traitement des donn\u00e9es, en envoyant un courriel \u00e0 l\u2019adresse pr\u00e9vue ci-dessus.<\/p>\n<p class=\"p2\"><b>9.4 Droit de ne pas faire l\u2019objet d\u2019une d\u00e9cision fond\u00e9e exclusivement sur un proc\u00e9d\u00e9 automatis\u00e9\u00a0\u00a0<\/b><\/p>\n<p class=\"p2\">Conform\u00e9ment aux dispositions du r\u00e8glement 2016\/679, l\u2019Utilisateur a le droit de ne pas faire l\u2019objet d\u2019une d\u00e9cision fond\u00e9e exclusivement sur un proc\u00e9d\u00e9 automatis\u00e9 si la d\u00e9cision produit des effets juridiques le concernant, ou l\u2019affecte de mani\u00e8re significative de fa\u00e7on similaire.<\/p>\n<p class=\"p2\"><b>9.5 Droit de d\u00e9terminer le sort des donn\u00e9es<\/b><\/p>\n<p class=\"p2\">Il est rappel\u00e9 \u00e0 l\u2019Utilisateur qu\u2019il peut organiser quel doit \u00eatre le devenir de ses donn\u00e9es collect\u00e9es et trait\u00e9es s\u2019il d\u00e9c\u00e8de, conform\u00e9ment \u00e0 la loi n\u00b02016-1321 du 7 octobre 2016.<\/p>\n<p class=\"p1\">Article 10 \u2013 Exercice des Droits<\/p>\n<p class=\"p2\"><b>10.1 Comment exercer les droits\u00a0?\u00a0<\/b><\/p>\n<p class=\"p2\">Pour exercer l\u2019un de vos droits, il vous suffit d\u2019\u00e9crire un courriel \u00e0 l\u2019adresse suivante\u00a0:\u00a0<b>Gilles BOUHANA <i>rgpd@abacapress.fr<\/i><\/b> ou par voie postale \u00e0 l\u2019adresse du si\u00e8ge social de l\u2019\u00c9diteur.<\/p>\n<p class=\"p2\">En indiquant votre nom, pr\u00e9nom et votre demande.<\/p>\n<p class=\"p2\">Le responsable de traitement est\u00a0<b>Gilles BOUHANA<\/b>,\u00a0<b><i>rgpd@abacapress.fr<\/i><\/b>.<\/p>\n<p class=\"p2\">Les demandes seront trait\u00e9es dans un d\u00e9lai d\u2019un mois, sauf motif imp\u00e9rieux avanc\u00e9 et justifi\u00e9 par l\u2019\u00c9diteur justifiant un rallongement du d\u00e9lai.<\/p>\n<p class=\"p2\"><b>10.2 Saisine de la CNIL\u00a0<\/b><\/p>\n<p class=\"p2\">Si l\u2019\u00c9diteur ne satisfait pas la demande de l\u2019Utilisateur, ce dernier est en droit de saisir la CNIL (<i>Commission Nationale de l\u2019Informatique et des Libert\u00e9s,\u00a0<\/i><a href=\"https:\/\/www.cnil.fr\/\"><span class=\"s5\"><i>https:\/\/www.cnil.fr<\/i><\/span><\/a>) afin de faire pr\u00e9valoir ses droits.<\/p>\n<p class=\"p1\">Article 11 \u2013 Politique en mati\u00e8re de cookies<\/p>\n<p class=\"p2\"><b>11.1 Qu\u2019est-ce qu\u2019un Cookie\u00a0?\u00a0<\/b><\/p>\n<p class=\"p2\">L\u2019Utilisateur est inform\u00e9 qu\u2019un cookie est un petit fichier d\u00e9pos\u00e9 sur le terminal de tout utilisateur (<i>ordinateur, tablette ou appareil mobile<\/i>), par notre Site, lors de sa consultation. Il ne contient aucune information personnelle, mais permet de faire le lien entre l\u2019appareil de l\u2019Utilisateur et ses pr\u00e9f\u00e9rences d\u2019utilisation et d\u2019exp\u00e9rience sur notre Site (<i>ex\u00a0: le lieu, la langue, la taille des caract\u00e8res<\/i>).<\/p>\n<p class=\"p2\"><b>11.2 Consentement de l\u2019Utilisateur\u00a0<\/b><\/p>\n<p class=\"p2\">Pour l\u2019utilisation de fichiers \u00ab\u00a0<i>cookies<\/i>\u00a0\u00bb impliquant la sauvegarde et l\u2019analyse de donn\u00e9es \u00e0 caract\u00e8re personnel, le consentement de l\u2019Utilisateur est toujours demand\u00e9. Ce consentement est valide pour une dur\u00e9e de treize (13) mois, sauf exception(s) (voir tableau Art.13), au terme duquel une nouvelle autorisation sera demand\u00e9e \u00e0 l\u2019Utilisateur.<\/p>\n<p class=\"p1\">Article 12 \u2013 Utilisation des Cookies<\/p>\n<p class=\"p2\">Conform\u00e9ment \u00e0 la\u00a0d\u00e9lib\u00e9ration de la CNIL n\u00b0 2013-378 du 5 d\u00e9cembre 2013, le Prestataire informe les Utilisateurs du Site que des cookies enregistrent certaines informations qui sont stock\u00e9es dans la m\u00e9moire de leur disque dur. Ces informations servent \u00e0 g\u00e9n\u00e9rer des statistiques d\u2019audience du Site et \u00e0 proposer des services selon les informations qu\u2019ils ont d\u00e9j\u00e0 s\u00e9lectionn\u00e9es lors de leurs pr\u00e9c\u00e9dentes visites.<\/p>\n<p class=\"p2\">Un message d\u2019alerte, sous forme de bandeau, demande \u00e0 chaque Utilisateur visitant le Site, au pr\u00e9alable, s\u2019il souhaite accepter les cookies. Pour garantir le consentement libre, \u00e9clair\u00e9 et non \u00e9quivoque de l\u2019Utilisateur visitant le Site, le bandeau ne disparaitra pas tant qu\u2019il n\u2019aura pas poursuivi sa navigation et param\u00e9tr\u00e9 ses choix.<\/p>\n<p class=\"p2\">Sauf consentement pr\u00e9alable de l\u2019Utilisateur, le d\u00e9p\u00f4t et la lecture de cookies ne seront pas effectu\u00e9s :<\/p>\n<ul class=\"ul1\">\n<li class=\"li4\"><span class=\"s3\">Si toute personne qui se rend sur le Site (page d\u2019accueil ou directement sur une autre page du Site \u00e0 partir d\u2019un moteur de recherche par exemple) ne poursuit pas sa navigation : une simple absence d\u2019action ne saurait \u00eatre en effet assimil\u00e9e \u00e0 une manifestation de volont\u00e9 ;<\/span><\/li>\n<li class=\"li4\"><span class=\"s3\">Ou si elle clique sur le lien pr\u00e9sent dans le bandeau lui permettant de param\u00e9trer les cookies et, le cas \u00e9ch\u00e9ant, refuse le d\u00e9p\u00f4t des cookies.<\/span><\/li>\n<\/ul>\n<p class=\"p2\">Nous utilisons et collectons les cookies aux fins de\u00a0:<\/p>\n<ul class=\"ul1\">\n<li class=\"li4\"><span class=\"s3\">De traiter des statistiques et informations sur le trafic sur notre site et d\u2019optimiser au mieux ce dernier\u00a0;\u00a0<\/span><\/li>\n<li class=\"li4\"><span class=\"s3\">De proposer \u00e0 nos utilisateurs une exp\u00e9rience de navigation fluide en adaptant la pr\u00e9sentation de notre Site aux pr\u00e9f\u00e9rences d\u2019affichage du terminal de l\u2019utilisateur\u00a0;\u00a0<\/span><\/li>\n<li class=\"li4\"><span class=\"s3\">De m\u00e9moriser des informations fournies sur le Site par l\u2019Utilisateur.<\/span><\/li>\n<\/ul>\n<p class=\"p1\">Article 13 \u2013 Liste des Cookies sur le Site<\/p>\n<p class=\"p2\">La liste des cookies pr\u00e9sents sur le Site est la suivante\u00a0:<\/p>\n<p class=\"p1\"><b>Performance Cookies<\/b><\/p>\n<table class=\"t1\" cellspacing=\"0\" cellpadding=\"0\">\n<tbody>\n<tr>\n<td class=\"td1\" valign=\"top\">\n<p class=\"p2\">Cookie key<\/p>\n<\/td>\n<td class=\"td1\" valign=\"top\">\n<p class=\"p2\">Domain<\/p>\n<\/td>\n<td class=\"td1\" valign=\"top\">\n<p class=\"p2\">Path<\/p>\n<\/td>\n<td class=\"td1\" valign=\"top\">\n<p class=\"p2\">Cookie type<\/p>\n<\/td>\n<td class=\"td1\" valign=\"top\">\n<p class=\"p2\">Expiration<\/p>\n<\/td>\n<td class=\"td1\" valign=\"top\">\n<p class=\"p2\">Description<\/p>\n<\/td>\n<\/tr>\n<tr>\n<td class=\"td1\" valign=\"top\">\n<p class=\"p2\">_ga<\/p>\n<\/td>\n<td class=\"td1\" valign=\"top\">\n<p class=\"p2\">.abacapress.com<\/p>\n<\/td>\n<td class=\"td1\" valign=\"top\">\n<p class=\"p2\">\/<\/p>\n<\/td>\n<td class=\"td1\" valign=\"top\">\n<p class=\"p2\">First-party<\/p>\n<\/td>\n<td class=\"td1\" valign=\"top\">\n<p class=\"p2\">1 an 1 mois<\/p>\n<\/td>\n<td class=\"td1\" valign=\"top\">\n<p class=\"p2\">Ce nom de cookie est associ\u00e9 \u00e0 Google Universal Analytics &#8211; qui est une mise \u00e0 jour importante du service d&#8217;analyse de Google le plus couramment utilis\u00e9. Ce cookie est utilis\u00e9 pour distinguer les utilisateurs uniques en attribuant un num\u00e9ro g\u00e9n\u00e9r\u00e9 de mani\u00e8re al\u00e9atoire comme identifiant client. Il est inclus dans chaque requ\u00eate de page d&#8217;un site et utilis\u00e9 pour calculer les donn\u00e9es relatives aux visiteurs, aux sessions et aux campagnes pour les rapports d&#8217;analyse du site.<\/p>\n<\/td>\n<\/tr>\n<tr>\n<td class=\"td1\" valign=\"top\">\n<p class=\"p2\">_gid<\/p>\n<\/td>\n<td class=\"td1\" valign=\"top\">\n<p class=\"p2\">.abacapress.com<\/p>\n<\/td>\n<td class=\"td1\" valign=\"top\">\n<p class=\"p2\">\/<\/p>\n<\/td>\n<td class=\"td1\" valign=\"top\">\n<p class=\"p2\">First-party<\/p>\n<\/td>\n<td class=\"td1\" valign=\"top\">\n<p class=\"p2\">1 jour<\/p>\n<\/td>\n<td class=\"td1\" valign=\"top\">\n<p class=\"p2\">Ce cookie est d\u00e9fini par Google Analytics. Il stocke et met \u00e0 jour une valeur unique pour chaque page visit\u00e9e et est utilis\u00e9 pour compter et suivre les pages vues.<\/p>\n<\/td>\n<\/tr>\n<tr>\n<td class=\"td1\" valign=\"top\">\n<p class=\"p2\">_gat<\/p>\n<\/td>\n<td class=\"td1\" valign=\"top\">\n<p class=\"p2\">.abacapress.com<\/p>\n<\/td>\n<td class=\"td1\" valign=\"top\">\n<p class=\"p2\">\/<\/p>\n<\/td>\n<td class=\"td1\" valign=\"top\">\n<p class=\"p2\">First-party<\/p>\n<\/td>\n<td class=\"td1\" valign=\"top\">\n<p class=\"p2\">59 secondes<\/p>\n<\/td>\n<td class=\"td1\" valign=\"top\">\n<p class=\"p2\">Ce nom de cookie est associ\u00e9 \u00e0 Google Universal Analytics. Selon la documentation, il est utilis\u00e9 pour limiter le taux de requ\u00eate, ce qui limite la collecte de donn\u00e9es sur les sites \u00e0 fort trafic.<\/p>\n<\/td>\n<\/tr>\n<tr>\n<td class=\"td1\" valign=\"top\">\n<p class=\"p2\">_ga_3PSX7CYM2G<\/p>\n<\/td>\n<td class=\"td1\" valign=\"top\">\n<p class=\"p2\">.abacapress.com<\/p>\n<\/td>\n<td class=\"td1\" valign=\"top\">\n<p class=\"p2\">\/<\/p>\n<\/td>\n<td class=\"td1\" valign=\"top\">\n<p class=\"p2\">First-party<\/p>\n<\/td>\n<td class=\"td1\" valign=\"top\">\n<p class=\"p2\">1 an 1 mois<\/p>\n<\/td>\n<td class=\"td1\" valign=\"top\">\n<p class=\"p2\">Ce cookie est utilis\u00e9 par Google Analytics pour conserver l&#8217;\u00e9tat de la session.<\/p>\n<\/td>\n<\/tr>\n<\/tbody>\n<\/table>\n<p class=\"p1\"><b>Targeting cookies<\/b><\/p>\n<table class=\"t1\" cellspacing=\"0\" cellpadding=\"0\">\n<tbody>\n<tr>\n<td class=\"td1\" valign=\"top\">\n<p class=\"p2\">Cookie key<\/p>\n<\/td>\n<td class=\"td1\" valign=\"top\">\n<p class=\"p2\">Domain<\/p>\n<\/td>\n<td class=\"td1\" valign=\"top\">\n<p class=\"p2\">Path<\/p>\n<\/td>\n<td class=\"td1\" valign=\"top\">\n<p class=\"p2\">Cookie type<\/p>\n<\/td>\n<td class=\"td1\" valign=\"top\">\n<p class=\"p2\">Expiration<\/p>\n<\/td>\n<td class=\"td1\" valign=\"top\">\n<p class=\"p2\">Description<\/p>\n<\/td>\n<\/tr>\n<tr>\n<td class=\"td1\" valign=\"top\">\n<p class=\"p2\">_fbp<\/p>\n<\/td>\n<td class=\"td1\" valign=\"top\">\n<p class=\"p2\">.abacapress.com<\/p>\n<\/td>\n<td class=\"td1\" valign=\"top\">\n<p class=\"p2\">\/<\/p>\n<\/td>\n<td class=\"td1\" valign=\"top\">\n<p class=\"p2\">First-party<\/p>\n<\/td>\n<td class=\"td1\" valign=\"top\">\n<p class=\"p2\">3 mois<\/p>\n<\/td>\n<td class=\"td1\" valign=\"top\">\n<p class=\"p2\">Utilis\u00e9 par Meta pour fournir une s\u00e9rie de produits publicitaires tels que des ench\u00e8res en temps r\u00e9el de la part d&#8217;annonceurs tiers.<\/p>\n<\/td>\n<\/tr>\n<tr>\n<td class=\"td1\" valign=\"top\">\n<p class=\"p2\">_gat_gag_UA_138591487_1<\/p>\n<\/td>\n<td class=\"td1\" valign=\"top\">\n<p class=\"p2\">.abacapress.com<\/p>\n<\/td>\n<td class=\"td1\" valign=\"top\">\n<p class=\"p2\">\/<\/p>\n<\/td>\n<td class=\"td1\" valign=\"top\">\n<p class=\"p2\">First-party<\/p>\n<\/td>\n<td class=\"td1\" valign=\"top\">\n<p class=\"p2\">59 secondes<\/p>\n<\/td>\n<td class=\"td1\" valign=\"top\">\n<p class=\"p2\">Ce cookie fait partie de Google Analytics et est utilis\u00e9 pour limiter les demandes (throttle request rate).<\/p>\n<\/td>\n<\/tr>\n<\/tbody>\n<\/table>\n<p class=\"p1\">Article 14 \u2013 Opposition et configuration<\/p>\n<p class=\"p2\">Tous les Utilisateurs peuvent s\u2019opposer \u00e0 l\u2019enregistrement des \u00ab\u00a0<i>cookies<\/i>\u00a0\u00bb en configurant leur logiciel de navigation de la ou les mani\u00e8re(s) suivante(s)\u00a0:<\/p>\n<ul class=\"ul1\">\n<li class=\"li4\"><span class=\"s3\">Ouvrir une fen\u00eatre de navigation priv\u00e9e\u00a0;\u00a0<\/span><\/li>\n<li class=\"li4\"><span class=\"s3\">Configuration des cookies via le Widget \u00ab\u00a0<i>Cookies<\/i>\u00a0\u00bb disponible en page d\u2019accueil de notre Site\u00a0;\u00a0<\/span><\/li>\n<li class=\"li4\"><span class=\"s3\">Configuration de l\u2019ordinateur pour qu\u2019un message apparaisse vous demandant d\u2019accepter, de personnaliser ou de refuser les cookies sur chaque site ou de mani\u00e8re syst\u00e9matique\u00a0;\u00a0<\/span><\/li>\n<li class=\"li4\"><span class=\"s3\">Ou tout autre moyen \u00e0 disposition de l\u2019utilisateur.\u00a0<\/span><\/li>\n<\/ul>\n<p class=\"p2\">\u00c0 tout moment l\u2019utilisateur peut faire le choix d\u2019exprimer et de modifier ses souhaits en mati\u00e8re de cookies. Le Prestataire d\u00e9cline toute responsabilit\u00e9 pour les cons\u00e9quences li\u00e9es au fonctionnement du Site et des services \u00e9ventuellement propos\u00e9s r\u00e9sultant\u00a0:<\/p>\n<ul class=\"ul1\">\n<li class=\"li4\"><span class=\"s3\">Du refus de cookies par l\u2019utilisateur\u00a0;<\/span><\/li>\n<li class=\"li4\"><span class=\"s3\">Et\/ou de l\u2019impossibilit\u00e9 pour le site d\u2019enregistrer ou de consulter les cookies n\u00e9cessaires \u00e0 leur fonctionnement du fait du choix de l\u2019utilisateur.<\/span><\/li>\n<\/ul>\n<p class=\"p1\">Article 15 \u2013 Param\u00e9trage du logiciel de navigation<\/p>\n<p class=\"p2\">L\u2019Utilisateur peut configurer son logiciel de navigation de mani\u00e8re \u00e0 param\u00e9trer ses choix en mati\u00e8re d\u2019utilisation des cookies\u00a0:<\/p>\n<ul class=\"ul1\">\n<li class=\"li14\"><span class=\"s8\">Pour Microsoft EdgeTM\u00a0:\u00a0<a href=\"https:\/\/support.microsoft.com\/en-us\/microsoft-edge\"><span class=\"s5\">https:\/\/support.microsoft.com\/en-us\/microsoft-edge<\/span><\/a>\u00a0<\/span><\/li>\n<li class=\"li14\"><span class=\"s8\">Pour SafariTM\u00a0:\u00a0<a href=\"https:\/\/support.apple.com\/fr-fr\/guide\/safari\/sfri11471\/mac\"><span class=\"s5\">http:\/\/docs.info.apple.com\/article.html?path=Safari\/3.0\/fr\/9277.html<\/span><\/a><\/span><\/li>\n<li class=\"li14\"><span class=\"s8\">Pour ChromeTM\u00a0:\u00a0<a href=\"http:\/\/support.google.com\/chrome\/bin\/answer.py?hl=fr&amp;hlrm=en&amp;answer=95647\"><span class=\"s5\">http:\/\/support.google.com\/chrome\/bin\/answer.py?hl=fr&amp;hlrm=en&amp;answer=95647<\/span><\/a><\/span><\/li>\n<li class=\"li14\"><span class=\"s8\">Pour FirefoxTM\u00a0:\u00a0<a href=\"http:\/\/support.mozilla.org\/fr\/kb\/Activer%2520et%2520d%25C3%25A9sactiver%2520les%2520cookies\"><span class=\"s5\">http:\/\/support.mozilla.org\/fr\/kb\/Activer%20et%20d%C3%A9sactiver%20les%20cookies<\/span><\/a><\/span><\/li>\n<li class=\"li14\"><span class=\"s8\">Pour OperaTM:\u00a0<a href=\"http:\/\/help.opera.com\/Windows\/10.20\/fr\/cookies.html\"><span class=\"s5\">http:\/\/help.opera.com\/Windows\/10.20\/fr\/cookies.html<\/span><\/a>\u00a0<\/span><\/li>\n<\/ul>\n<p class=\"p2\">L\u2019Utilisateur peut \u00e9galement param\u00e9trer son navigateur pour accepter ou refuser au cas par cas les cookies avant leur installation, ou supprimer les cookies de son terminal. L\u2019Utilisateur est inform\u00e9 qu\u2019en param\u00e9trant son navigateur pour refuser les cookies, certaines fonctionnalit\u00e9s de notre Site pourraient ne pas \u00eatre accessibles et la responsabilit\u00e9 du Prestataire ou de l\u2019h\u00e9bergeur ne pourrait \u00eatre recherch\u00e9e \u00e0 ce titre.<\/p>\n<p class=\"p1\">Article 16 \u2013 Modification de la politique de confidentialit\u00e9<\/p>\n<p class=\"p2\">Le Prestataire se r\u00e9serve le droit de modifier la pr\u00e9sente Politique \u00e0 tout moment. Si une modification est apport\u00e9e \u00e0 la pr\u00e9sente Politique, la nouvelle version sera publi\u00e9e imm\u00e9diatement sur le Site. Si l\u2019Utilisateur n\u2019est pas d\u2019accord avec les termes de la nouvelle r\u00e9daction de la politique, il a la possibilit\u00e9 de ne plus utiliser les Services du Site et de ne plus naviguer sur cette derni\u00e8re.<\/p>\n<p class=\"p1\">Article 17 \u2013 Acceptation par l\u2019Utilisateur de la politique de confidentialit\u00e9<\/p>\n<p class=\"p2\">En naviguant sur le Site, l\u2019Utilisateur atteste avoir lu et compris la pr\u00e9sente politique de confidentialit\u00e9 et en accepte les conditions, en ce qui concerne plus particuli\u00e8rement la collecte et le traitement de ses donn\u00e9es \u00e0 caract\u00e8re personnel, ainsi que l\u2019utilisation de fichiers \u00ab\u00a0cookies\u00a0\u00bb.<\/p>\n","protected":false},"excerpt":{"rendered":"<p>Pr\u00e9ambule Le Site abacapress.com ainsi que ses annexes abacapress.com\/press, abacapress.com\/corporate, abacapress.com\/stock, press\/blog-abaca-press\/ (ci-apr\u00e8s d\u00e9nomm\u00e9 \u00ab le\u00a0Site\u00a0\u00bb) est exploit\u00e9 par la Soci\u00e9t\u00e9\u00a0ABACA PRESS, SAS au capital social de 48 800 \u20ac, immatricul\u00e9e au RCS de NANTERRE\u00a0sous le num\u00e9ro 389 662 154, dont le si\u00e8ge social est 6 rue Baudreuil \u2013 92190 MEUDON, pouvant \u00eatre contact\u00e9e par [&hellip;]<\/p>\n","protected":false},"author":20,"featured_media":0,"parent":0,"menu_order":0,"comment_status":"closed","ping_status":"closed","template":"","meta":{"footnotes":""},"class_list":["post-11690","page","type-page","status-publish","hentry"],"yoast_head":"<!-- This site is optimized with the Yoast SEO plugin v25.6 - https:\/\/yoast.com\/wordpress\/plugins\/seo\/ -->\n<title>Politique de protection des donn\u00e9es personnelles - Abaca Press<\/title>\n<meta name=\"robots\" content=\"index, follow, max-snippet:-1, max-image-preview:large, max-video-preview:-1\" \/>\n<link rel=\"canonical\" href=\"https:\/\/abacapress.com\/press\/politique-de-protection-des-donnees-personnelles\/\" \/>\n<meta property=\"og:locale\" content=\"en_US\" \/>\n<meta property=\"og:type\" content=\"article\" \/>\n<meta property=\"og:title\" content=\"Politique de protection des donn\u00e9es personnelles - Abaca Press\" \/>\n<meta property=\"og:description\" content=\"Pr\u00e9ambule Le Site abacapress.com ainsi que ses annexes abacapress.com\/press, abacapress.com\/corporate, abacapress.com\/stock, press\/blog-abaca-press\/ (ci-apr\u00e8s d\u00e9nomm\u00e9 \u00ab le\u00a0Site\u00a0\u00bb) est exploit\u00e9 par la Soci\u00e9t\u00e9\u00a0ABACA PRESS, SAS au capital social de 48 800 \u20ac, immatricul\u00e9e au RCS de NANTERRE\u00a0sous le num\u00e9ro 389 662 154, dont le si\u00e8ge social est 6 rue Baudreuil \u2013 92190 MEUDON, pouvant \u00eatre contact\u00e9e par [&hellip;]\" \/>\n<meta property=\"og:url\" content=\"https:\/\/abacapress.com\/press\/politique-de-protection-des-donnees-personnelles\/\" \/>\n<meta property=\"og:site_name\" content=\"Abaca Press\" \/>\n<meta property=\"article:modified_time\" content=\"2023-10-25T11:33:27+00:00\" \/>\n<meta property=\"og:image\" content=\"https:\/\/abacapress.com\/press\/wp-content\/uploads\/2023\/10\/header-300x24.png\" \/>\n<meta name=\"twitter:card\" content=\"summary_large_image\" \/>\n<meta name=\"twitter:label1\" content=\"Est. reading time\" \/>\n\t<meta name=\"twitter:data1\" content=\"20 minutes\" \/>\n<script type=\"application\/ld+json\" class=\"yoast-schema-graph\">{\"@context\":\"https:\/\/schema.org\",\"@graph\":[{\"@type\":\"WebPage\",\"@id\":\"https:\/\/abacapress.com\/press\/politique-de-protection-des-donnees-personnelles\/\",\"url\":\"https:\/\/abacapress.com\/press\/politique-de-protection-des-donnees-personnelles\/\",\"name\":\"Politique de protection des donn\u00e9es personnelles - Abaca Press\",\"isPartOf\":{\"@id\":\"https:\/\/abacapress.com\/press\/#website\"},\"primaryImageOfPage\":{\"@id\":\"https:\/\/abacapress.com\/press\/politique-de-protection-des-donnees-personnelles\/#primaryimage\"},\"image\":{\"@id\":\"https:\/\/abacapress.com\/press\/politique-de-protection-des-donnees-personnelles\/#primaryimage\"},\"thumbnailUrl\":\"https:\/\/abacapress.com\/press\/wp-content\/uploads\/2023\/10\/header-300x24.png\",\"datePublished\":\"2023-10-13T07:11:45+00:00\",\"dateModified\":\"2023-10-25T11:33:27+00:00\",\"breadcrumb\":{\"@id\":\"https:\/\/abacapress.com\/press\/politique-de-protection-des-donnees-personnelles\/#breadcrumb\"},\"inLanguage\":\"en-US\",\"potentialAction\":[{\"@type\":\"ReadAction\",\"target\":[\"https:\/\/abacapress.com\/press\/politique-de-protection-des-donnees-personnelles\/\"]}]},{\"@type\":\"ImageObject\",\"inLanguage\":\"en-US\",\"@id\":\"https:\/\/abacapress.com\/press\/politique-de-protection-des-donnees-personnelles\/#primaryimage\",\"url\":\"https:\/\/abacapress.com\/press\/wp-content\/uploads\/2023\/10\/header.png\",\"contentUrl\":\"https:\/\/abacapress.com\/press\/wp-content\/uploads\/2023\/10\/header.png\",\"width\":674,\"height\":54},{\"@type\":\"BreadcrumbList\",\"@id\":\"https:\/\/abacapress.com\/press\/politique-de-protection-des-donnees-personnelles\/#breadcrumb\",\"itemListElement\":[{\"@type\":\"ListItem\",\"position\":1,\"name\":\"Accueil\",\"item\":\"https:\/\/abacapress.com\/press\/\"},{\"@type\":\"ListItem\",\"position\":2,\"name\":\"Politique de protection des donn\u00e9es personnelles\"}]},{\"@type\":\"WebSite\",\"@id\":\"https:\/\/abacapress.com\/press\/#website\",\"url\":\"https:\/\/abacapress.com\/press\/\",\"name\":\"Abaca Press\",\"description\":\"Agence de presse photographique\",\"potentialAction\":[{\"@type\":\"SearchAction\",\"target\":{\"@type\":\"EntryPoint\",\"urlTemplate\":\"https:\/\/abacapress.com\/press\/?s={search_term_string}\"},\"query-input\":{\"@type\":\"PropertyValueSpecification\",\"valueRequired\":true,\"valueName\":\"search_term_string\"}}],\"inLanguage\":\"en-US\"}]}<\/script>\n<!-- \/ Yoast SEO plugin. -->","yoast_head_json":{"title":"Politique de protection des donn\u00e9es personnelles - Abaca Press","robots":{"index":"index","follow":"follow","max-snippet":"max-snippet:-1","max-image-preview":"max-image-preview:large","max-video-preview":"max-video-preview:-1"},"canonical":"https:\/\/abacapress.com\/press\/politique-de-protection-des-donnees-personnelles\/","og_locale":"en_US","og_type":"article","og_title":"Politique de protection des donn\u00e9es personnelles - Abaca Press","og_description":"Pr\u00e9ambule Le Site abacapress.com ainsi que ses annexes abacapress.com\/press, abacapress.com\/corporate, abacapress.com\/stock, press\/blog-abaca-press\/ (ci-apr\u00e8s d\u00e9nomm\u00e9 \u00ab le\u00a0Site\u00a0\u00bb) est exploit\u00e9 par la Soci\u00e9t\u00e9\u00a0ABACA PRESS, SAS au capital social de 48 800 \u20ac, immatricul\u00e9e au RCS de NANTERRE\u00a0sous le num\u00e9ro 389 662 154, dont le si\u00e8ge social est 6 rue Baudreuil \u2013 92190 MEUDON, pouvant \u00eatre contact\u00e9e par [&hellip;]","og_url":"https:\/\/abacapress.com\/press\/politique-de-protection-des-donnees-personnelles\/","og_site_name":"Abaca Press","article_modified_time":"2023-10-25T11:33:27+00:00","og_image":[{"url":"https:\/\/abacapress.com\/press\/wp-content\/uploads\/2023\/10\/header-300x24.png","type":"","width":"","height":""}],"twitter_card":"summary_large_image","twitter_misc":{"Est. reading time":"20 minutes"},"schema":{"@context":"https:\/\/schema.org","@graph":[{"@type":"WebPage","@id":"https:\/\/abacapress.com\/press\/politique-de-protection-des-donnees-personnelles\/","url":"https:\/\/abacapress.com\/press\/politique-de-protection-des-donnees-personnelles\/","name":"Politique de protection des donn\u00e9es personnelles - Abaca Press","isPartOf":{"@id":"https:\/\/abacapress.com\/press\/#website"},"primaryImageOfPage":{"@id":"https:\/\/abacapress.com\/press\/politique-de-protection-des-donnees-personnelles\/#primaryimage"},"image":{"@id":"https:\/\/abacapress.com\/press\/politique-de-protection-des-donnees-personnelles\/#primaryimage"},"thumbnailUrl":"https:\/\/abacapress.com\/press\/wp-content\/uploads\/2023\/10\/header-300x24.png","datePublished":"2023-10-13T07:11:45+00:00","dateModified":"2023-10-25T11:33:27+00:00","breadcrumb":{"@id":"https:\/\/abacapress.com\/press\/politique-de-protection-des-donnees-personnelles\/#breadcrumb"},"inLanguage":"en-US","potentialAction":[{"@type":"ReadAction","target":["https:\/\/abacapress.com\/press\/politique-de-protection-des-donnees-personnelles\/"]}]},{"@type":"ImageObject","inLanguage":"en-US","@id":"https:\/\/abacapress.com\/press\/politique-de-protection-des-donnees-personnelles\/#primaryimage","url":"https:\/\/abacapress.com\/press\/wp-content\/uploads\/2023\/10\/header.png","contentUrl":"https:\/\/abacapress.com\/press\/wp-content\/uploads\/2023\/10\/header.png","width":674,"height":54},{"@type":"BreadcrumbList","@id":"https:\/\/abacapress.com\/press\/politique-de-protection-des-donnees-personnelles\/#breadcrumb","itemListElement":[{"@type":"ListItem","position":1,"name":"Accueil","item":"https:\/\/abacapress.com\/press\/"},{"@type":"ListItem","position":2,"name":"Politique de protection des donn\u00e9es personnelles"}]},{"@type":"WebSite","@id":"https:\/\/abacapress.com\/press\/#website","url":"https:\/\/abacapress.com\/press\/","name":"Abaca Press","description":"Agence de presse photographique","potentialAction":[{"@type":"SearchAction","target":{"@type":"EntryPoint","urlTemplate":"https:\/\/abacapress.com\/press\/?s={search_term_string}"},"query-input":{"@type":"PropertyValueSpecification","valueRequired":true,"valueName":"search_term_string"}}],"inLanguage":"en-US"}]}},"_links":{"self":[{"href":"https:\/\/abacapress.com\/press\/wp-json\/wp\/v2\/pages\/11690","targetHints":{"allow":["GET"]}}],"collection":[{"href":"https:\/\/abacapress.com\/press\/wp-json\/wp\/v2\/pages"}],"about":[{"href":"https:\/\/abacapress.com\/press\/wp-json\/wp\/v2\/types\/page"}],"author":[{"embeddable":true,"href":"https:\/\/abacapress.com\/press\/wp-json\/wp\/v2\/users\/20"}],"replies":[{"embeddable":true,"href":"https:\/\/abacapress.com\/press\/wp-json\/wp\/v2\/comments?post=11690"}],"version-history":[{"count":0,"href":"https:\/\/abacapress.com\/press\/wp-json\/wp\/v2\/pages\/11690\/revisions"}],"wp:attachment":[{"href":"https:\/\/abacapress.com\/press\/wp-json\/wp\/v2\/media?parent=11690"}],"curies":[{"name":"wp","href":"https:\/\/api.w.org\/{rel}","templated":true}]}}