{"id":939,"date":"2019-02-19T15:24:13","date_gmt":"2019-02-19T14:24:13","guid":{"rendered":"http:\/\/s539520907.onlinehome.fr\/abacapress\/?page_id=939"},"modified":"2021-11-30T12:55:14","modified_gmt":"2021-11-30T11:55:14","slug":"nos-photographes","status":"publish","type":"page","link":"https:\/\/abacapress.com\/press\/nos-photographes\/","title":{"rendered":"Nos photographes"},"content":{"rendered":"<div class=\"wpb-content-wrapper\">[vc_row el_class=&#8221;section-full p-tb90 intro-photographes&#8221; css=&#8221;.vc_custom_1550589070506{background-color: #f6f7f8 !important;}&#8221;][vc_column width=&#8221;1\/2&#8243;]                   \r\n                                  <div class=\"m-about-containt text-uppercase text-black p-t30\">\r\n                                    <span class=\"font-30 font-weight-300\"><\/span>\r\n                                    <h2 class=\"font-40\">L&#039;actualit\u00e9 internationale en photo<\/h2>\r\n                                    <p><b>Nos photographes sont depuis la cr\u00e9ation de notre agence les t\u00e9moins de l\u2019histoire. ABACAPRESS repr\u00e9sente leur travail et distribue leurs images quotidiennement depuis plus de trente ans.<\/b><\/p>\r\n                                    <p class=\"text-lowercase\">L\u2019agence collabore avec plus de 500 photographes \u00e0 travers le monde. Leur production nous permet de couvrir l\u2019actualit\u00e9 internationale dans de nombreux domaines : c\u00e9l\u00e9brit\u00e9s, sport, \u00e9conomie, politique.<br \/>\nNotre r\u00e9seau de photographes comprend des talents vari\u00e9s. Il se compose de photographes d\u2019exp\u00e9rience avec lesquels nous collaborons depuis de nombreuses ann\u00e9es mais aussi de jeunes talents qui abordent leurs sujets avec un \u0153il nouveau.                                    <\/p>\r\n                                    <a href=\"\" class=\"m-b15 site-button black radius-no text-uppercase\" ><span class=\"font-12 letter-spacing-5\">  <\/span><\/a>\r\n                                <\/div>\r\n      [\/vc_column][vc_column width=&#8221;1\/2&#8243;]                                               <div class=\"m-carousel-1 m-l100\">\r\n                                <div class=\"owl-carousel home-carousel-1 owl-btn-vertical-center\">\r\n                                                                                <div class=\"item\">\r\n                                            <div class=\"ow-img wt-img-effect zoom-slow\">\r\n                                                <a href=\"#\"><img decoding=\"async\" src=\"https:\/\/abacapress.com\/press\/wp-content\/uploads\/2019\/02\/trump2.jpg\" alt=\"\"><\/a>\r\n                                            <\/div>\r\n                                        <\/div>\r\n                                                                                <div class=\"item\">\r\n                                            <div class=\"ow-img wt-img-effect zoom-slow\">\r\n                                                <a href=\"#\"><img decoding=\"async\" src=\"https:\/\/abacapress.com\/press\/wp-content\/uploads\/2019\/02\/macronmilitaire.jpg\" alt=\"\"><\/a>\r\n                                            <\/div>\r\n                                        <\/div>\r\n                                                                                <div class=\"item\">\r\n                                            <div class=\"ow-img wt-img-effect zoom-slow\">\r\n                                                <a href=\"#\"><img decoding=\"async\" src=\"https:\/\/abacapress.com\/press\/wp-content\/uploads\/2019\/02\/soldatinconnu.jpg\" alt=\"\"><\/a>\r\n                                            <\/div>\r\n                                        <\/div>\r\n                                                                           <\/div>\r\n                               <\/div>\r\n                            [vc_empty_space height=&#8221;110&#8243;][\/vc_column][\/vc_row][vc_row css=&#8221;.vc_custom_1550590658341{padding-top: 80px !important;}&#8221;][vc_column width=&#8221;1\/2&#8243;][vc_column_text]\n<h2 class=\"text-uppercase font-36 mme_event-click\">Des photographes talentueux et anim\u00e9s par le d\u00e9sir d\u2019informer<\/h2>\n<div class=\"wt-separator bg-black\"><\/div>\n[\/vc_column_text][vc_column_text el_class=&#8221;txt-justify&#8221;]Plus qu\u2019une ma\u00eetrise technique, nos photographes rendent compte d\u2019une r\u00e9alit\u00e9. Talentueux et passionn\u00e9s, ils produisent des images fortes qui sont le reflet de l\u2019histoire mondiale et de notre soci\u00e9t\u00e9. Ils savent saisir l\u2019instant et produire des visuels qui feront la diff\u00e9rence.[\/vc_column_text][\/vc_column][vc_column width=&#8221;1\/2&#8243;]                                           <div class=\"hilite-title p-lr20 m-tb20 text-right text-uppercase bdr-gray bdr-right\">\r\n                          <strong>+ de 500<\/strong>\r\n                            <span class=\"text-black\">Photographes \u00e0 travers le monde<\/span>\r\n                        <\/div>\r\n                              [\/vc_column][\/vc_row][vc_row fullwidth=&#8221;yes&#8221; el_class=&#8221;txt-photographes&#8221;][vc_column]                   \r\n            <div class=\"section-full bg-gray p-tb90 square_shape1\" style=\"background-color: #ffffff\">\r\n                <div class=\"container\">\r\n                    <!-- TITLE START -->\r\n                    <div class=\"section-head text-left text-black\">\r\n                        <h2 class=\"text-uppercase font-36\"><\/h2>\r\n                        <div class=\"wt-separator-outer\">\r\n                            <div class=\"wt-separator bg-black\"><\/div>\r\n                        <\/div>\r\n                    <\/div>\r\n                    <!-- TITLE END -->                  \r\n                    <div class=\"section-content our-story\">\r\n                                              <div class=\"row\">\r\n                                                    <div class=\"col-md-6 col-sm-12\">\r\n                              <div class=\"wt-media our-story-pic\">\r\n                                    <img decoding=\"async\" src=\"https:\/\/abacapress.com\/press\/wp-content\/uploads\/2019\/12\/YuriGripas.jpg\" alt=\"\">\r\n                                <\/div>\r\n                            <\/div>\r\n                                                    <div class=\"col-md-6 col-sm-12\">\r\n                              <div class=\"wt-box our-story-detail\" style=\"background-color: #ffffff;\">\r\n                                    <h3 class=\"text-uppercase\"><\/h3>\r\n                                    <h2 class=\"text-uppercase\">Yuri Gripas<\/h2>\r\n                                    <p>Yuri Gripas est un photographe bas\u00e9 \u00e0 Washington. Award\u00e9 \u00e0 de nombreuses reprises, il couvre l\u2019ensemble de la sc\u00e8ne politique aux Etats-Unis. Il fait partie des photographes accr\u00e9dit\u00e9s \u00e0 la Maison Blanche, et suit ainsi de pr\u00e8s la vie pr\u00e9sidentielle. Photographe de terrain, il est habitu\u00e9 \u00e0 couvrir l\u2019ensemble des actualit\u00e9s du pays mais aussi \u00e0 produire des reportages de fond sur la vie quotidienne des am\u00e9ricains. Son style photographique unique et sa technique lui permettent de capturer avec justesse les \u00e9motions des sujets qu\u2019il photographie. <\/p>\r\n                                <\/div>\r\n                            <\/div>\r\n                                                    <\/div>  \r\n                                                <div class=\"row\">\r\n                                                    <div class=\"col-md-6 col-sm-12\">\r\n                              <div class=\"wt-box our-story-detail\" style=\"background-color: #000000;\">\r\n                                    <h3 class=\"text-uppercase\"><\/h3>\r\n                                    <h2 class=\"text-uppercase\">Eliot Blondet<\/h2>\r\n                                    <p>Jeune photographe ayant rejoint notre agence depuis 2015, il couvre l\u2019actualit\u00e9 politique et \u00e9conomique fran\u00e7aise. Il est accr\u00e9dit\u00e9 \u00e0 l\u2019Elys\u00e9e et suit le pr\u00e9sident de la r\u00e9publique dans ses d\u00e9placements, il a par exemple couvert la rencontre entre Donald Trump et Emmanuel Macron \u00e0 la Maison Blanche. Plus qu\u2019un photographe politique, Il r\u00e9alise \u00e9galement des reportages sur des sujets d\u2019actualit\u00e9 \u00e9conomique, sociale et humanitaire, il est r\u00e9guli\u00e8rement en commande pour les principaux magazines d\u2019actualit\u00e9. <\/p>\r\n                                <\/div>\r\n                            <\/div>\r\n                                                      <div class=\"col-md-6 col-sm-12\">\r\n                              <div class=\"wt-media our-story-pic\">\r\n                                    <img decoding=\"async\" src=\"https:\/\/abacapress.com\/press\/wp-content\/uploads\/2019\/03\/eliotblondet.jpg\" alt=\"\">\r\n                                <\/div>\r\n                            <\/div>\r\n                                                  <\/div>  \r\n                                                <div class=\"row\">\r\n                                                    <div class=\"col-md-6 col-sm-12\">\r\n                              <div class=\"wt-media our-story-pic\">\r\n                                    <img decoding=\"async\" src=\"https:\/\/abacapress.com\/press\/wp-content\/uploads\/2021\/11\/Portrait_RaphaelLafargue_AbacaPress.jpg\" alt=\"\">\r\n                                <\/div>\r\n                            <\/div>\r\n                                                    <div class=\"col-md-6 col-sm-12\">\r\n                              <div class=\"wt-box our-story-detail\" style=\"background-color: #ffffff;\">\r\n                                    <h3 class=\"text-uppercase\"><\/h3>\r\n                                    <h2 class=\"text-uppercase\">Rapha\u00ebl Lafargue<\/h2>\r\n                                    <p>Jeune photojournaliste de talent, passionn\u00e9 et soucieux de t\u00e9moigner de l\u2019actualit\u00e9 sociale et politique de notre pays, Rapha\u00ebl a rejoint l\u2019agence en 2021. Gilets jaunes, manifestations contre le racisme et les violences polici\u00e8res, affrontements, \u00e9pid\u00e9mie du Covid-19, par ses photos il souhaite t\u00e9moigner et informer. Son \u0153il pr\u00e9cis, sa r\u00e9activit\u00e9 et son sens du cadrage font de lui un photographe que l\u2019on remarque. <\/p>\r\n                                <\/div>\r\n                            <\/div>\r\n                                                    <\/div>  \r\n                                                <div class=\"row\">\r\n                                                    <div class=\"col-md-6 col-sm-12\">\r\n                              <div class=\"wt-box our-story-detail\" style=\"background-color: #000000;\">\r\n                                    <h3 class=\"text-uppercase\"><\/h3>\r\n                                    <h2 class=\"text-uppercase\">Ammar Abd Rabbo<\/h2>\r\n                                    <p>Journaliste et photographe franco-syrien, il couvre les conflits en Irak, Liban, Libye et en Syrie mais aussi l\u2019actualit\u00e9 politique fran\u00e7aise. Photographe d\u2019exp\u00e9rience au sens esth\u00e9tique certain, il est l\u2019auteur de nombreux portraits de personnalit\u00e9s fran\u00e7aises et internationales. Sa polyvalence, lui permet de couvrir \u00e9galement de grands \u00e9v\u00e8nements tels que le Festival de Cannes. Il est nomm\u00e9 au grade de Chevalier de l'ordre des Arts et Lettres, le 25 septembre 2017.  <\/p>\r\n                                <\/div>\r\n                            <\/div>\r\n                                                      <div class=\"col-md-6 col-sm-12\">\r\n                              <div class=\"wt-media our-story-pic\">\r\n                                    <img decoding=\"async\" src=\"https:\/\/abacapress.com\/press\/wp-content\/uploads\/2019\/03\/ammarabdrabbo.jpg\" alt=\"\">\r\n                                <\/div>\r\n                            <\/div>\r\n                                                  <\/div>  \r\n                                                       \r\n                    <\/div>\r\n                <\/div>\r\n            <\/div>   \r\n      [\/vc_column][\/vc_row][vc_row fullwidth=&#8221;yes&#8221; css=&#8221;.vc_custom_1550592961686{padding-top: 50px !important;padding-bottom: 50px !important;background-color: #000000 !important;}&#8221;][vc_column width=&#8221;1\/6&#8243;][\/vc_column][vc_column width=&#8221;2\/3&#8243;][vc_column_text el_class=&#8221;bloc-fd-noir&#8221;]\n<blockquote><p>L\u2019agence travaille r\u00e9guli\u00e8rement \u00e0 \u00e9tendre son r\u00e9seau et \u00e0 ajouter de nouvelles signatures \u00e0 son pool de photographes. Notre objectif couvrir l\u2019actualit\u00e9 mondiale de fa\u00e7on exhaustive avec des clich\u00e9s de qualit\u00e9, impactants et porteurs d\u2019histoire.<\/p><\/blockquote>\n[\/vc_column_text][\/vc_column][vc_column width=&#8221;1\/6&#8243;][\/vc_column][\/vc_row]\n<\/div>","protected":false},"excerpt":{"rendered":"<p>[vc_row el_class=&#8221;section-full p-tb90 intro-photographes&#8221; css=&#8221;.vc_custom_1550589070506{background-color: #f6f7f8 !important;}&#8221;][vc_column width=&#8221;1\/2&#8243;][\/vc_column][vc_column width=&#8221;1\/2&#8243;][vc_empty_space height=&#8221;110&#8243;][\/vc_column][\/vc_row][vc_row css=&#8221;.vc_custom_1550590658341{padding-top: 80px !important;}&#8221;][vc_column width=&#8221;1\/2&#8243;][vc_column_text] Des photographes talentueux et anim\u00e9s par le d\u00e9sir d\u2019informer [\/vc_column_text][vc_column_text el_class=&#8221;txt-justify&#8221;]Plus qu\u2019une ma\u00eetrise technique, nos photographes rendent compte d\u2019une r\u00e9alit\u00e9. Talentueux et passionn\u00e9s, ils produisent des images fortes qui sont le reflet de l\u2019histoire mondiale et de notre soci\u00e9t\u00e9. Ils savent [&hellip;]<\/p>\n","protected":false},"author":3,"featured_media":0,"parent":0,"menu_order":0,"comment_status":"closed","ping_status":"closed","template":"template\/page-detail.php","meta":{"footnotes":""},"class_list":["post-939","page","type-page","status-publish","hentry"],"yoast_head":"<!-- This site is optimized with the Yoast SEO plugin v25.6 - https:\/\/yoast.com\/wordpress\/plugins\/seo\/ -->\n<title>Nos Photographes - Abaca Press<\/title>\n<meta name=\"description\" content=\"Nous collaborons avec + de 500 photographes \u00e0 travers le monde. Leur production nous permet de couvrir l\u2019actualit\u00e9 internationale dans de nombreux domaines.\" \/>\n<meta name=\"robots\" content=\"index, follow, max-snippet:-1, max-image-preview:large, max-video-preview:-1\" \/>\n<link rel=\"canonical\" href=\"https:\/\/abacapress.com\/press\/nos-photographes\/\" \/>\n<meta property=\"og:locale\" content=\"en_US\" \/>\n<meta property=\"og:type\" content=\"article\" \/>\n<meta property=\"og:title\" content=\"Nos Photographes - Abaca Press\" \/>\n<meta property=\"og:description\" content=\"Nous collaborons avec + de 500 photographes \u00e0 travers le monde. Leur production nous permet de couvrir l\u2019actualit\u00e9 internationale dans de nombreux domaines.\" \/>\n<meta property=\"og:url\" content=\"https:\/\/abacapress.com\/press\/nos-photographes\/\" \/>\n<meta property=\"og:site_name\" content=\"Abaca Press\" \/>\n<meta property=\"article:modified_time\" content=\"2021-11-30T11:55:14+00:00\" \/>\n<meta name=\"twitter:card\" content=\"summary_large_image\" \/>\n<meta name=\"twitter:label1\" content=\"Est. reading time\" \/>\n\t<meta name=\"twitter:data1\" content=\"5 minutes\" \/>\n<script type=\"application\/ld+json\" class=\"yoast-schema-graph\">{\"@context\":\"https:\/\/schema.org\",\"@graph\":[{\"@type\":\"WebPage\",\"@id\":\"https:\/\/abacapress.com\/press\/nos-photographes\/\",\"url\":\"https:\/\/abacapress.com\/press\/nos-photographes\/\",\"name\":\"Nos Photographes - Abaca Press\",\"isPartOf\":{\"@id\":\"https:\/\/abacapress.com\/press\/#website\"},\"datePublished\":\"2019-02-19T14:24:13+00:00\",\"dateModified\":\"2021-11-30T11:55:14+00:00\",\"description\":\"Nous collaborons avec + de 500 photographes \u00e0 travers le monde. Leur production nous permet de couvrir l\u2019actualit\u00e9 internationale dans de nombreux domaines.\",\"breadcrumb\":{\"@id\":\"https:\/\/abacapress.com\/press\/nos-photographes\/#breadcrumb\"},\"inLanguage\":\"en-US\",\"potentialAction\":[{\"@type\":\"ReadAction\",\"target\":[\"https:\/\/abacapress.com\/press\/nos-photographes\/\"]}]},{\"@type\":\"BreadcrumbList\",\"@id\":\"https:\/\/abacapress.com\/press\/nos-photographes\/#breadcrumb\",\"itemListElement\":[{\"@type\":\"ListItem\",\"position\":1,\"name\":\"Accueil\",\"item\":\"https:\/\/abacapress.com\/press\/\"},{\"@type\":\"ListItem\",\"position\":2,\"name\":\"Nos photographes\"}]},{\"@type\":\"WebSite\",\"@id\":\"https:\/\/abacapress.com\/press\/#website\",\"url\":\"https:\/\/abacapress.com\/press\/\",\"name\":\"Abaca Press\",\"description\":\"Agence de presse photographique\",\"potentialAction\":[{\"@type\":\"SearchAction\",\"target\":{\"@type\":\"EntryPoint\",\"urlTemplate\":\"https:\/\/abacapress.com\/press\/?s={search_term_string}\"},\"query-input\":{\"@type\":\"PropertyValueSpecification\",\"valueRequired\":true,\"valueName\":\"search_term_string\"}}],\"inLanguage\":\"en-US\"}]}<\/script>\n<!-- \/ Yoast SEO plugin. -->","yoast_head_json":{"title":"Nos Photographes - Abaca Press","description":"Nous collaborons avec + de 500 photographes \u00e0 travers le monde. Leur production nous permet de couvrir l\u2019actualit\u00e9 internationale dans de nombreux domaines.","robots":{"index":"index","follow":"follow","max-snippet":"max-snippet:-1","max-image-preview":"max-image-preview:large","max-video-preview":"max-video-preview:-1"},"canonical":"https:\/\/abacapress.com\/press\/nos-photographes\/","og_locale":"en_US","og_type":"article","og_title":"Nos Photographes - Abaca Press","og_description":"Nous collaborons avec + de 500 photographes \u00e0 travers le monde. Leur production nous permet de couvrir l\u2019actualit\u00e9 internationale dans de nombreux domaines.","og_url":"https:\/\/abacapress.com\/press\/nos-photographes\/","og_site_name":"Abaca Press","article_modified_time":"2021-11-30T11:55:14+00:00","twitter_card":"summary_large_image","twitter_misc":{"Est. reading time":"5 minutes"},"schema":{"@context":"https:\/\/schema.org","@graph":[{"@type":"WebPage","@id":"https:\/\/abacapress.com\/press\/nos-photographes\/","url":"https:\/\/abacapress.com\/press\/nos-photographes\/","name":"Nos Photographes - Abaca Press","isPartOf":{"@id":"https:\/\/abacapress.com\/press\/#website"},"datePublished":"2019-02-19T14:24:13+00:00","dateModified":"2021-11-30T11:55:14+00:00","description":"Nous collaborons avec + de 500 photographes \u00e0 travers le monde. Leur production nous permet de couvrir l\u2019actualit\u00e9 internationale dans de nombreux domaines.","breadcrumb":{"@id":"https:\/\/abacapress.com\/press\/nos-photographes\/#breadcrumb"},"inLanguage":"en-US","potentialAction":[{"@type":"ReadAction","target":["https:\/\/abacapress.com\/press\/nos-photographes\/"]}]},{"@type":"BreadcrumbList","@id":"https:\/\/abacapress.com\/press\/nos-photographes\/#breadcrumb","itemListElement":[{"@type":"ListItem","position":1,"name":"Accueil","item":"https:\/\/abacapress.com\/press\/"},{"@type":"ListItem","position":2,"name":"Nos photographes"}]},{"@type":"WebSite","@id":"https:\/\/abacapress.com\/press\/#website","url":"https:\/\/abacapress.com\/press\/","name":"Abaca Press","description":"Agence de presse photographique","potentialAction":[{"@type":"SearchAction","target":{"@type":"EntryPoint","urlTemplate":"https:\/\/abacapress.com\/press\/?s={search_term_string}"},"query-input":{"@type":"PropertyValueSpecification","valueRequired":true,"valueName":"search_term_string"}}],"inLanguage":"en-US"}]}},"_links":{"self":[{"href":"https:\/\/abacapress.com\/press\/wp-json\/wp\/v2\/pages\/939","targetHints":{"allow":["GET"]}}],"collection":[{"href":"https:\/\/abacapress.com\/press\/wp-json\/wp\/v2\/pages"}],"about":[{"href":"https:\/\/abacapress.com\/press\/wp-json\/wp\/v2\/types\/page"}],"author":[{"embeddable":true,"href":"https:\/\/abacapress.com\/press\/wp-json\/wp\/v2\/users\/3"}],"replies":[{"embeddable":true,"href":"https:\/\/abacapress.com\/press\/wp-json\/wp\/v2\/comments?post=939"}],"version-history":[{"count":0,"href":"https:\/\/abacapress.com\/press\/wp-json\/wp\/v2\/pages\/939\/revisions"}],"wp:attachment":[{"href":"https:\/\/abacapress.com\/press\/wp-json\/wp\/v2\/media?parent=939"}],"curies":[{"name":"wp","href":"https:\/\/api.w.org\/{rel}","templated":true}]}}